{"id":235,"date":"2026-02-16T15:24:40","date_gmt":"2026-02-16T14:24:40","guid":{"rendered":"https:\/\/pulirparquetbarcelona.com\/servicios\/"},"modified":"2026-02-17T12:16:17","modified_gmt":"2026-02-17T11:16:17","slug":"serveis","status":"publish","type":"page","link":"https:\/\/pulirparquetbarcelona.com\/ca\/serveis\/","title":{"rendered":"Serveis"},"content":{"rendered":"\n\t<section class=\"section\" id=\"section_2031473483\">\n\t\t<div class=\"section-bg fill\" >\n\t\t\t\t\t\t\t\t\t\n\t\t\t\n\n\t\t<\/div>\n\n\t\t\n\n\t\t<div class=\"section-content relative\">\n\t\t\t\n<div class=\"row\"  id=\"row-1364476600\">\n\n\t<div id=\"col-1738843618\" class=\"col small-12 large-12\"  >\n\t\t\t\t<div class=\"col-inner\"  >\n\t\t\t\n\t\t\t\n<h1 style=\"font-size: 30px;\">Els nostres serveis de polit de parquet<\/h1>\n<p>El pas del temps, l\u2019\u00fas diari, els mobles i la humitat provoquen desgast, ratllades i p\u00e8rdua de brillantor als s\u00f2ls de fusta. Amb el nostre servei professional de <strong>polit i acuchillat de parquet a Barcelona<\/strong>, eliminem la capa superficial danyada i retornem al teu s\u00f2l el seu aspecte original.<\/p>\n\t\t<\/div>\n\t\t\t\t\t<\/div>\n\n\t\n<\/div>\n\t\t<\/div>\n\n\t\t\n<style>\n#section_2031473483 {\n  padding-top: 30px;\n  padding-bottom: 30px;\n}\n<\/style>\n\t<\/section>\n\t\n\n\t<section class=\"section\" id=\"section_856422920\">\n\t\t<div class=\"section-bg fill\" >\n\t\t\t\t\t\t\t\t\t\n\t\t\t\n\n\t\t<\/div>\n\n\t\t\n\n\t\t<div class=\"section-content relative\">\n\t\t\t\n<div class=\"row row-collapse row-full-width align-equal row-divided\"  id=\"row-471631724\">\n\n\t<div id=\"col-830375560\" class=\"col medium-6 small-12 large-6\"  >\n\t\t\t\t<div class=\"col-inner\"  >\n\t\t\t\n\t\t\t\n\t<div class=\"img has-hover x md-x lg-x y md-y lg-y\" id=\"image_1645873360\">\n\t\t\t\t\t\t\t\t<div class=\"img-inner image-cover dark\" style=\"padding-top:75%;\">\n\t\t\t<img loading=\"lazy\" decoding=\"async\" width=\"1020\" height=\"680\" src=\"https:\/\/pulirparquetbarcelona.com\/wp-content\/uploads\/2026\/02\/Barnizado-y-Acabados-parquet-barcelona-1024x683.jpg\" class=\"attachment-large size-large\" alt=\"\" srcset=\"https:\/\/pulirparquetbarcelona.com\/wp-content\/uploads\/2026\/02\/Barnizado-y-Acabados-parquet-barcelona-1024x683.jpg 1024w, https:\/\/pulirparquetbarcelona.com\/wp-content\/uploads\/2026\/02\/Barnizado-y-Acabados-parquet-barcelona-300x200.jpg 300w, https:\/\/pulirparquetbarcelona.com\/wp-content\/uploads\/2026\/02\/Barnizado-y-Acabados-parquet-barcelona-768x512.jpg 768w, https:\/\/pulirparquetbarcelona.com\/wp-content\/uploads\/2026\/02\/Barnizado-y-Acabados-parquet-barcelona.jpg 1536w\" sizes=\"auto, (max-width: 1020px) 100vw, 1020px\" \/>\t\t\t\t\t\t\n\t\t\t\t\t<\/div>\n\t\t\t\t\t\t\t\t\n<style>\n#image_1645873360 {\n  width: 100%;\n}\n<\/style>\n\t<\/div>\n\t\n\t\t<\/div>\n\t\t\t\t\t<\/div>\n\n\t\n\n\t<div id=\"col-698552891\" class=\"col medium-6 small-12 large-6 small-col-first\"  >\n\t\t\t\t<div class=\"col-inner dark\"  >\n\t\t\t\n\t\t\t\n<div class=\"row\"  id=\"row-1502850574\">\n\n\t<div id=\"col-547350530\" class=\"col small-12 large-12\"  >\n\t\t\t\t<div class=\"col-inner text-center\"  >\n\t\t\t\n\t\t\t\n\t<div id=\"text-1424734412\" class=\"text\">\n\t\t\n<h2>En qu\u00e8 consisteix l\u2019acuchillat?<\/h2>\n\t\t\n<style>\n#text-1424734412 {\n  font-size: 1.2rem;\n  text-align: left;\n  color: #5c3612;\n}\n#text-1424734412 > * {\n  color: #5c3612;\n}\n<\/style>\n\t<\/div>\n\t\n\t<div id=\"text-2861148406\" class=\"text\">\n\t\t\n<p>L\u2019acuchillat \u00e9s el proc\u00e9s mitjan\u00e7ant el qual es lija en profunditat la superf\u00edcie del parquet per eliminar imperfeccions, taques, cops i desnivells. Utilitzem maquin\u00e0ria professional d\u2019\u00faltima generaci\u00f3 que garanteix un treball prec\u00eds, uniforme i amb m\u00ednima generaci\u00f3 de pols.<\/p>\n<p>Un cop nivellada la superf\u00edcie, el s\u00f2l queda llest per aplicar l\u2019acabat protector (vern\u00eds o tractament espec\u00edfic), assegurant m\u00e9s resist\u00e8ncia i durabilitat.<\/p>\n\t\t\n<style>\n#text-2861148406 {\n  text-align: left;\n  color: #5c3612;\n}\n#text-2861148406 > * {\n  color: #5c3612;\n}\n<\/style>\n\t<\/div>\n\t\n\t\t<\/div>\n\t\t\t\t\t<\/div>\n\n\t\n<\/div>\n\t\t<\/div>\n\t\t\t\t\n<style>\n#col-698552891 > .col-inner {\n  padding: 50px 50px 50px 50px;\n}\n@media (min-width:550px) {\n  #col-698552891 > .col-inner {\n    padding: 60px 60px 20px 60px;\n  }\n}\n<\/style>\n\t<\/div>\n\n\t\n<\/div>\n<div class=\"row row-collapse row-full-width align-equal row-divided\"  id=\"row-362653552\">\n\n\t<div id=\"col-1213389517\" class=\"col medium-6 small-12 large-6 small-col-first\"  >\n\t\t\t\t<div class=\"col-inner dark\"  >\n\t\t\t\n\t\t\t\n<div class=\"row\"  id=\"row-2051722734\">\n\n\t<div id=\"col-1494419257\" class=\"col small-12 large-12\"  >\n\t\t\t\t<div class=\"col-inner text-center\"  >\n\t\t\t\n\t\t\t\n\t<div id=\"text-129354446\" class=\"text\">\n\t\t\n<h2>Quan \u00e9s necessari polit el parquet?<\/h2>\n\t\t\n<style>\n#text-129354446 {\n  font-size: 1.2rem;\n  text-align: left;\n  color: #5c3612;\n}\n#text-129354446 > * {\n  color: #5c3612;\n}\n<\/style>\n\t<\/div>\n\t\n\t<div id=\"text-233649752\" class=\"text\">\n\t\t\n<p>\u00c9s recomanable polit el parquet quan el s\u00f2l ha perdut brillantor, apareixen ratllades, taques o desgast general. L\u2019acuchillat elimina la capa superficial deteriorada i prepara el s\u00f2l per a un nou acabat protector, garantint uniformitat, durabilitat i recuperaci\u00f3 de la seva bellesa original.<\/p>\n\t\t\n<style>\n#text-233649752 {\n  text-align: left;\n  color: #5c3612;\n}\n#text-233649752 > * {\n  color: #5c3612;\n}\n<\/style>\n\t<\/div>\n\t\n\t\t<\/div>\n\t\t\t\t\t<\/div>\n\n\t\n<\/div>\n\t\t<\/div>\n\t\t\t\t\n<style>\n#col-1213389517 > .col-inner {\n  padding: 50px 50px 50px 50px;\n}\n@media (min-width:550px) {\n  #col-1213389517 > .col-inner {\n    padding: 60px 60px 20px 60px;\n  }\n}\n<\/style>\n\t<\/div>\n\n\t\n\n\t<div id=\"col-843120962\" class=\"col medium-6 small-12 large-6\"  >\n\t\t\t\t<div class=\"col-inner\"  >\n\t\t\t\n\t\t\t\n\t<div class=\"img has-hover x md-x lg-x y md-y lg-y\" id=\"image_1689545153\">\n\t\t\t\t\t\t\t\t<div class=\"img-inner image-cover dark\" style=\"padding-top:75%;\">\n\t\t\t<img loading=\"lazy\" decoding=\"async\" width=\"400\" height=\"267\" src=\"https:\/\/pulirparquetbarcelona.com\/wp-content\/uploads\/2026\/02\/cuando-es-neceasario-cambiar-el-parquet.jpg\" class=\"attachment-large size-large\" alt=\"\" \/>\t\t\t\t\t\t\n\t\t\t\t\t<\/div>\n\t\t\t\t\t\t\t\t\n<style>\n#image_1689545153 {\n  width: 100%;\n}\n<\/style>\n\t<\/div>\n\t\n\t\t<\/div>\n\t\t\t\t\t<\/div>\n\n\t\n<\/div>\n<div class=\"row row-collapse row-full-width align-equal row-divided\"  id=\"row-1315441523\">\n\n\t<div id=\"col-1890493990\" class=\"col medium-6 small-12 large-6\"  >\n\t\t\t\t<div class=\"col-inner\"  >\n\t\t\t\n\t\t\t\n\t<div class=\"img has-hover x md-x lg-x y md-y lg-y\" id=\"image_239780514\">\n\t\t\t\t\t\t\t\t<div class=\"img-inner image-cover dark\" style=\"padding-top:75%;\">\n\t\t\t<img loading=\"lazy\" decoding=\"async\" width=\"525\" height=\"355\" src=\"https:\/\/pulirparquetbarcelona.com\/wp-content\/uploads\/2026\/02\/ventajas-pulir-parquiet.jpg\" class=\"attachment-large size-large\" alt=\"\" srcset=\"https:\/\/pulirparquetbarcelona.com\/wp-content\/uploads\/2026\/02\/ventajas-pulir-parquiet.jpg 525w, https:\/\/pulirparquetbarcelona.com\/wp-content\/uploads\/2026\/02\/ventajas-pulir-parquiet-300x203.jpg 300w\" sizes=\"auto, (max-width: 525px) 100vw, 525px\" \/>\t\t\t\t\t\t\n\t\t\t\t\t<\/div>\n\t\t\t\t\t\t\t\t\n<style>\n#image_239780514 {\n  width: 100%;\n}\n<\/style>\n\t<\/div>\n\t\n\t\t<\/div>\n\t\t\t\t\t<\/div>\n\n\t\n\n\t<div id=\"col-1430626611\" class=\"col medium-6 small-12 large-6 small-col-first\"  >\n\t\t\t\t<div class=\"col-inner dark\"  >\n\t\t\t\n\t\t\t\n<div class=\"row\"  id=\"row-1046027235\">\n\n\t<div id=\"col-474479590\" class=\"col small-12 large-12\"  >\n\t\t\t\t<div class=\"col-inner text-center\"  >\n\t\t\t\n\t\t\t\n\t<div id=\"text-1368634752\" class=\"text\">\n\t\t\n<h2>Avantatges del nostre servei<\/h2>\n\t\t\n<style>\n#text-1368634752 {\n  font-size: 1.2rem;\n  text-align: left;\n  color: #5c3612;\n}\n#text-1368634752 > * {\n  color: #5c3612;\n}\n<\/style>\n\t<\/div>\n\t\n\t<div id=\"text-589732494\" class=\"text\">\n\t\t\n<ul>\n<li>M\u00e9s de 25 anys d\u2019experi\u00e8ncia a Barcelona<\/li>\n<li>Maquin\u00e0ria professional amb sistemes d\u2019aspiraci\u00f3<\/li>\n<li>Acabats uniformes i duradors<\/li>\n<li>Pressupost gratu\u00eft i sense comprom\u00eds<\/li>\n<li>Treball net, r\u00e0pid i eficient<\/li>\n<\/ul>\n<p>Treballem a habitatges, oficines, locals comercials i comunitats a tota Barcelona i voltants.<\/p>\n\t\t\n<style>\n#text-589732494 {\n  text-align: left;\n  color: #5c3612;\n}\n#text-589732494 > * {\n  color: #5c3612;\n}\n<\/style>\n\t<\/div>\n\t\n\t\t<\/div>\n\t\t\t\t\t<\/div>\n\n\t\n<\/div>\n\t\t<\/div>\n\t\t\t\t\n<style>\n#col-1430626611 > .col-inner {\n  padding: 50px 50px 50px 50px;\n}\n@media (min-width:550px) {\n  #col-1430626611 > .col-inner {\n    padding: 60px 60px 20px 60px;\n  }\n}\n<\/style>\n\t<\/div>\n\n\t\n<\/div>\n\t\t<\/div>\n\n\t\t\n<style>\n#section_856422920 {\n  padding-top: 0px;\n  padding-bottom: 0px;\n  background-color: rgb(246, 240, 233);\n}\n<\/style>\n\t<\/section>\n\t\n\t<div id=\"gap-1962932640\" class=\"gap-element clearfix\" style=\"display:block; height:auto;\">\n\t\t\n<style>\n#gap-1962932640 {\n  padding-top: 60px;\n}\n<\/style>\n\t<\/div>\n\t\n\n\t<section class=\"section dark has-parallax\" id=\"section_1886495859\">\n\t\t<div class=\"section-bg fill\" data-parallax-container=\".section\" data-parallax-background data-parallax=\"-10\">\n\t\t\t<img loading=\"lazy\" decoding=\"async\" width=\"2121\" height=\"1414\" src=\"https:\/\/pulirparquetbarcelona.com\/wp-content\/uploads\/2026\/02\/pulir-parquet-en-barcelona.jpg\" class=\"bg attachment- size-\" alt=\"\" \/>\t\t\t\t\t\t<div class=\"section-bg-overlay absolute fill\"><\/div>\n\t\t\t\n\n\t\t<\/div>\n\n\t\t\n\n\t\t<div class=\"section-content relative\">\n\t\t\t\n<div class=\"row align-middle align-center\"  id=\"row-1681166381\">\n\n\t<div id=\"col-659977657\" class=\"col small-12 large-12\"  >\n\t\t\t\t<div class=\"col-inner text-center\"  >\n\t\t\t\n\t\t\t\n\t<div id=\"text-1933014738\" class=\"text\">\n\t\t\n<h2>Sol\u00b7licita pressupost<\/h2>\n\t\t\n<style>\n#text-1933014738 {\n  font-size: 1.75rem;\n  text-align: center;\n  color: rgb(255,255,255);\n}\n#text-1933014738 > * {\n  color: rgb(255,255,255);\n}\n<\/style>\n\t<\/div>\n\t\n\t<div id=\"text-1925536077\" class=\"text\">\n\t\t\n<p>M\u00e9s de 25 anys politant s\u00f2ls de parquet a Barcelona<\/p>\n\t\t\n<style>\n#text-1925536077 {\n  font-size: 1.2rem;\n  text-align: center;\n}\n<\/style>\n\t<\/div>\n\t\n<a href=\"https:\/\/pulirparquetbarcelona.com\/ca\/contacto\/br%20\/\" class=\"button secondary box-shadow-2 reveal-icon blancoazul\" style=\"border-radius:10px;padding:5px 15px 5px 15px;\">\n\t\t<span>contacta ara<\/span>\n\t<i class=\"icon-angle-right\" aria-hidden=\"true\"><\/i><\/a>\n\n\t\t<\/div>\n\t\t\t\t\n<style>\n#col-659977657 > .col-inner {\n  padding: 30px 0px 0px 0px;\n}\n<\/style>\n\t<\/div>\n\n\t\n<\/div>\n\t\t<\/div>\n\n\t\t\n<style>\n#section_1886495859 {\n  padding-top: 60px;\n  padding-bottom: 60px;\n}\n#section_1886495859 .section-bg-overlay {\n  background-color: rgba(162, 102, 39, 0.715);\n}\n#section_1886495859 .section-bg img {\n  object-position: 44% 0%;\n}\n<\/style>\n\t<\/section>\n\t\n","protected":false},"excerpt":{"rendered":"","protected":false},"author":1,"featured_media":0,"parent":0,"menu_order":0,"comment_status":"closed","ping_status":"closed","template":"page-blank.php","meta":{"footnotes":""},"class_list":["post-235","page","type-page","status-publish","hentry"],"yoast_head":"<!-- This site is optimized with the Yoast SEO plugin v27.0 - https:\/\/yoast.com\/product\/yoast-seo-wordpress\/ -->\n<title>Serveis de Polit, Acuchillat i Vernissat de Parquet a Barcelona<\/title>\n<meta name=\"description\" content=\"Oferim polit, acuchillat i vernissat professional de parquet per a particulars, negocis i comunitats a Barcelona. Resultats duradors i acabats impecables.\" \/>\n<meta name=\"robots\" content=\"index, follow, max-snippet:-1, max-image-preview:large, max-video-preview:-1\" \/>\n<link rel=\"canonical\" href=\"https:\/\/pulirparquetbarcelona.com\/ca\/serveis\/\" \/>\n<meta property=\"og:locale\" content=\"ca_ES\" \/>\n<meta property=\"og:type\" content=\"article\" \/>\n<meta property=\"og:title\" content=\"Serveis de Polit, Acuchillat i Vernissat de Parquet a Barcelona\" \/>\n<meta property=\"og:description\" content=\"Oferim polit, acuchillat i vernissat professional de parquet per a particulars, negocis i comunitats a Barcelona. Resultats duradors i acabats impecables.\" \/>\n<meta property=\"og:url\" content=\"https:\/\/pulirparquetbarcelona.com\/ca\/serveis\/\" \/>\n<meta property=\"og:site_name\" content=\"Pulir Parquet Barcelona\" \/>\n<meta property=\"article:modified_time\" content=\"2026-02-17T11:16:17+00:00\" \/>\n<meta name=\"twitter:card\" content=\"summary_large_image\" \/>\n<meta name=\"twitter:label1\" content=\"Temps estimat de lectura\" \/>\n\t<meta name=\"twitter:data1\" content=\"2 minuts\" \/>\n<script type=\"application\/ld+json\" class=\"yoast-schema-graph\">{\"@context\":\"https:\/\/schema.org\",\"@graph\":[{\"@type\":\"WebPage\",\"@id\":\"https:\/\/pulirparquetbarcelona.com\/ca\/serveis\/\",\"url\":\"https:\/\/pulirparquetbarcelona.com\/ca\/serveis\/\",\"name\":\"Serveis de Polit, Acuchillat i Vernissat de Parquet a Barcelona\",\"isPartOf\":{\"@id\":\"https:\/\/pulirparquetbarcelona.com\/ca\/#website\"},\"datePublished\":\"2026-02-16T14:24:40+00:00\",\"dateModified\":\"2026-02-17T11:16:17+00:00\",\"description\":\"Oferim polit, acuchillat i vernissat professional de parquet per a particulars, negocis i comunitats a Barcelona. Resultats duradors i acabats impecables.\",\"breadcrumb\":{\"@id\":\"https:\/\/pulirparquetbarcelona.com\/ca\/serveis\/#breadcrumb\"},\"inLanguage\":\"ca\",\"potentialAction\":[{\"@type\":\"ReadAction\",\"target\":[\"https:\/\/pulirparquetbarcelona.com\/ca\/serveis\/\"]}]},{\"@type\":\"BreadcrumbList\",\"@id\":\"https:\/\/pulirparquetbarcelona.com\/ca\/serveis\/#breadcrumb\",\"itemListElement\":[{\"@type\":\"ListItem\",\"position\":1,\"name\":\"Portada\",\"item\":\"https:\/\/pulirparquetbarcelona.com\/ca\/inicio\/\"},{\"@type\":\"ListItem\",\"position\":2,\"name\":\"Serveis\"}]},{\"@type\":\"WebSite\",\"@id\":\"https:\/\/pulirparquetbarcelona.com\/ca\/#website\",\"url\":\"https:\/\/pulirparquetbarcelona.com\/ca\/\",\"name\":\"Pulir Parquet Barcelona\",\"description\":\"\",\"potentialAction\":[{\"@type\":\"SearchAction\",\"target\":{\"@type\":\"EntryPoint\",\"urlTemplate\":\"https:\/\/pulirparquetbarcelona.com\/ca\/?s={search_term_string}\"},\"query-input\":{\"@type\":\"PropertyValueSpecification\",\"valueRequired\":true,\"valueName\":\"search_term_string\"}}],\"inLanguage\":\"ca\"}]}<\/script>\n<!-- \/ Yoast SEO plugin. -->","yoast_head_json":{"title":"Serveis de Polit, Acuchillat i Vernissat de Parquet a Barcelona","description":"Oferim polit, acuchillat i vernissat professional de parquet per a particulars, negocis i comunitats a Barcelona. Resultats duradors i acabats impecables.","robots":{"index":"index","follow":"follow","max-snippet":"max-snippet:-1","max-image-preview":"max-image-preview:large","max-video-preview":"max-video-preview:-1"},"canonical":"https:\/\/pulirparquetbarcelona.com\/ca\/serveis\/","og_locale":"ca_ES","og_type":"article","og_title":"Serveis de Polit, Acuchillat i Vernissat de Parquet a Barcelona","og_description":"Oferim polit, acuchillat i vernissat professional de parquet per a particulars, negocis i comunitats a Barcelona. Resultats duradors i acabats impecables.","og_url":"https:\/\/pulirparquetbarcelona.com\/ca\/serveis\/","og_site_name":"Pulir Parquet Barcelona","article_modified_time":"2026-02-17T11:16:17+00:00","twitter_card":"summary_large_image","twitter_misc":{"Temps estimat de lectura":"2 minuts"},"schema":{"@context":"https:\/\/schema.org","@graph":[{"@type":"WebPage","@id":"https:\/\/pulirparquetbarcelona.com\/ca\/serveis\/","url":"https:\/\/pulirparquetbarcelona.com\/ca\/serveis\/","name":"Serveis de Polit, Acuchillat i Vernissat de Parquet a Barcelona","isPartOf":{"@id":"https:\/\/pulirparquetbarcelona.com\/ca\/#website"},"datePublished":"2026-02-16T14:24:40+00:00","dateModified":"2026-02-17T11:16:17+00:00","description":"Oferim polit, acuchillat i vernissat professional de parquet per a particulars, negocis i comunitats a Barcelona. Resultats duradors i acabats impecables.","breadcrumb":{"@id":"https:\/\/pulirparquetbarcelona.com\/ca\/serveis\/#breadcrumb"},"inLanguage":"ca","potentialAction":[{"@type":"ReadAction","target":["https:\/\/pulirparquetbarcelona.com\/ca\/serveis\/"]}]},{"@type":"BreadcrumbList","@id":"https:\/\/pulirparquetbarcelona.com\/ca\/serveis\/#breadcrumb","itemListElement":[{"@type":"ListItem","position":1,"name":"Portada","item":"https:\/\/pulirparquetbarcelona.com\/ca\/inicio\/"},{"@type":"ListItem","position":2,"name":"Serveis"}]},{"@type":"WebSite","@id":"https:\/\/pulirparquetbarcelona.com\/ca\/#website","url":"https:\/\/pulirparquetbarcelona.com\/ca\/","name":"Pulir Parquet Barcelona","description":"","potentialAction":[{"@type":"SearchAction","target":{"@type":"EntryPoint","urlTemplate":"https:\/\/pulirparquetbarcelona.com\/ca\/?s={search_term_string}"},"query-input":{"@type":"PropertyValueSpecification","valueRequired":true,"valueName":"search_term_string"}}],"inLanguage":"ca"}]}},"_links":{"self":[{"href":"https:\/\/pulirparquetbarcelona.com\/ca\/wp-json\/wp\/v2\/pages\/235","targetHints":{"allow":["GET"]}}],"collection":[{"href":"https:\/\/pulirparquetbarcelona.com\/ca\/wp-json\/wp\/v2\/pages"}],"about":[{"href":"https:\/\/pulirparquetbarcelona.com\/ca\/wp-json\/wp\/v2\/types\/page"}],"author":[{"embeddable":true,"href":"https:\/\/pulirparquetbarcelona.com\/ca\/wp-json\/wp\/v2\/users\/1"}],"replies":[{"embeddable":true,"href":"https:\/\/pulirparquetbarcelona.com\/ca\/wp-json\/wp\/v2\/comments?post=235"}],"version-history":[{"count":0,"href":"https:\/\/pulirparquetbarcelona.com\/ca\/wp-json\/wp\/v2\/pages\/235\/revisions"}],"wp:attachment":[{"href":"https:\/\/pulirparquetbarcelona.com\/ca\/wp-json\/wp\/v2\/media?parent=235"}],"curies":[{"name":"wp","href":"https:\/\/api.w.org\/{rel}","templated":true}]}}