{"id":225,"date":"2026-02-16T09:17:08","date_gmt":"2026-02-16T08:17:08","guid":{"rendered":"https:\/\/pulirparquetbarcelona.com\/inicio\/"},"modified":"2026-02-17T12:15:37","modified_gmt":"2026-02-17T11:15:37","slug":"inicio","status":"publish","type":"page","link":"https:\/\/pulirparquetbarcelona.com\/ca\/","title":{"rendered":"Inici"},"content":{"rendered":"\n  <div class=\"banner has-hover\" id=\"banner-725779648\">\n          <div class=\"banner-inner fill\">\n        <div class=\"banner-bg fill\" >\n            <img loading=\"lazy\" decoding=\"async\" width=\"1600\" height=\"1200\" src=\"https:\/\/pulirparquetbarcelona.com\/wp-content\/uploads\/2026\/02\/pulir-parquet-barcelona.jpeg\" class=\"bg attachment-original size-original\" alt=\"\" \/>                        <div class=\"overlay\"><\/div>            \n                    <\/div>\n\t\t\n        <div class=\"banner-layers container\">\n            <div class=\"fill banner-link\"><\/div>            \n   <div id=\"text-box-1835165337\" class=\"text-box banner-layer x50 md-x50 lg-x50 y50 md-y50 lg-y50 res-text\">\n                     <div data-animate=\"flipInY\">           <div class=\"text-box-content text dark text-shadow-2\">\n              \n              <div class=\"text-inner text-center\">\n                  \n\t<div id=\"text-1253136949\" class=\"text\">\n\t\t\n<h1>Polir Parquet<\/h1>\n\t\t\n<style>\n#text-1253136949 {\n  font-size: 0.8rem;\n}\n@media (min-width:550px) {\n  #text-1253136949 {\n    font-size: 1.3rem;\n  }\n}\n<\/style>\n\t<\/div>\n\t\n\t<div id=\"text-1272387283\" class=\"text dobleesp\">\n\t\t\n<p><strong>BARCELONA<\/strong><\/p>\n\t\t\n<style>\n#text-1272387283 {\n  font-size: 1.5rem;\n}\n<\/style>\n\t<\/div>\n\t\n<a href=\"https:\/\/pulirparquetbarcelona.com\/ca\/contacto\/\" class=\"button white box-shadow-2 reveal-icon blancoazul\" style=\"border-radius:10px;padding:5px 15px 5px 15px;\">\n\t\t<span>SOL\u00b7LICITA PRESSUPOST<\/span>\n\t<i class=\"icon-angle-right\" aria-hidden=\"true\"><\/i><\/a>\n\n              <\/div>\n           <\/div>\n       <\/div>                     \n<style>\n#text-box-1835165337 {\n  width: 100%;\n}\n#text-box-1835165337 .text-box-content {\n  font-size: 100%;\n}\n@media (min-width:550px) {\n  #text-box-1835165337 {\n    width: 73%;\n  }\n}\n<\/style>\n    <\/div>\n \n        <\/div>\n      <\/div>\n\n            \n<style>\n#banner-725779648 {\n  padding-top: 99.99%;\n}\n#banner-725779648 .overlay {\n  background-color: rgba(0, 0, 0, 0.209);\n}\n#banner-725779648 .banner-bg img {\n  object-position: 51% 100%;\n}\n@media (min-width:550px) {\n  #banner-725779648 {\n    padding-top: 50%;\n  }\n}\n<\/style>\n  <\/div>\n\n\n\n\t<section class=\"section\" id=\"section_875153931\">\n\t\t<div class=\"section-bg fill\" >\n\t\t\t\t\t\t\t\t\t\n\t\t\t\n\n\t\t<\/div>\n\n\t\t\n\n\t\t<div class=\"section-content relative\">\n\t\t\t\n<div class=\"row align-middle align-center\"  id=\"row-1266910054\">\n\n\t<div id=\"col-377782704\" class=\"col medium-10 small-12 large-10\"  >\n\t\t\t\t<div class=\"col-inner\"  >\n\t\t\t\n\t\t\t\n\t<div id=\"text-3600641435\" class=\"text\">\n\t\t\n<p>A <strong>POLIR PARQUET BARCELONA<\/strong>, t\u2019oferim la comoditat de despla\u00e7ar-nos al teu domicili o local per realitzar un pressupost totalment gratu\u00eft i sense comprom\u00eds. Analitzem l\u2019estat del teu s\u00f2l i t\u2019assessorem sobre la millor soluci\u00f3 per a <strong>recuperar el teu parquet<\/strong>.<\/p>\n<p>Comptem amb m\u00e9s de 25 anys d\u2019experi\u00e8ncia en el sector del polit, acuchillat i vernissat de parquet a Barcelona. Treballem amb maquin\u00e0ria professional i materials d\u2019alta qualitat, apostant sempre per acabats duradors, nets i eficients, oferint preus competitius sense renunciar a l\u2019excel\u00b7l\u00e8ncia.<\/p>\n<p>Agra\u00efm la confian\u00e7a dels nostres clients i ens comprometem a cuidar cada detall per retornar la bellesa, el brillantor i la resist\u00e8ncia als teus s\u00f2ls de fusta en cada projecte que realitzem.<\/p>\n\t\t\n<style>\n#text-3600641435 {\n  font-size: 1.2rem;\n  text-align: center;\n  color: #5c3612;\n}\n#text-3600641435 > * {\n  color: #5c3612;\n}\n<\/style>\n\t<\/div>\n\t\n\t\t<\/div>\n\t\t\t\t\t<\/div>\n\n\t\n<\/div>\n\t\t<\/div>\n\n\t\t\n<style>\n#section_875153931 {\n  padding-top: 50px;\n  padding-bottom: 50px;\n}\n<\/style>\n\t<\/section>\n\t\n\n\t<section class=\"section\" id=\"section_854154184\">\n\t\t<div class=\"section-bg fill\" >\n\t\t\t\t\t\t\t\t\t\n\t\t\t\n\n\t\t<\/div>\n\n\t\t\n\n\t\t<div class=\"section-content relative\">\n\t\t\t\n<div class=\"row row-collapse row-full-width align-equal row-divided\"  id=\"row-233828745\">\n\n\t<div id=\"col-1100729846\" class=\"col medium-6 small-12 large-6\"  >\n\t\t\t\t<div class=\"col-inner\"  >\n\t\t\t\n\t\t\t\n\t<div class=\"img has-hover x md-x lg-x y md-y lg-y\" id=\"image_560812706\">\n\t\t\t\t\t\t\t\t<div class=\"img-inner image-cover dark\" style=\"padding-top:75%;\">\n\t\t\t<img loading=\"lazy\" decoding=\"async\" width=\"1020\" height=\"680\" src=\"https:\/\/pulirparquetbarcelona.com\/wp-content\/uploads\/2026\/02\/pulir-parquet-barcelona.jpg\" class=\"attachment-large size-large\" alt=\"pulir parquet barcelona\" \/>\t\t\t\t\t\t\n\t\t\t\t\t<\/div>\n\t\t\t\t\t\t\t\t\n<style>\n#image_560812706 {\n  width: 100%;\n}\n<\/style>\n\t<\/div>\n\t\n\t\t<\/div>\n\t\t\t\t\t<\/div>\n\n\t\n\n\t<div id=\"col-1424262429\" class=\"col medium-6 small-12 large-6 small-col-first\"  >\n\t\t\t\t<div class=\"col-inner box-shadow-2 dark\" style=\"background-color:rgba(246, 240, 233, 0.895);\" >\n\t\t\t\n\t\t\t\n<div class=\"row\"  id=\"row-289146415\">\n\n\t<div id=\"col-943813154\" class=\"col small-12 large-12\"  >\n\t\t\t\t<div class=\"col-inner text-center\"  >\n\t\t\t\n\t\t\t\n\t<div id=\"text-1278605300\" class=\"text\">\n\t\t\n<h2><strong>Polit de parquet per a particulars<\/strong><\/h2>\n\t\t\n<style>\n#text-1278605300 {\n  font-size: 1.2rem;\n  text-align: center;\n  color: #5c3612;\n}\n#text-1278605300 > * {\n  color: #5c3612;\n}\n<\/style>\n\t<\/div>\n\t\n\t<div id=\"text-3664652617\" class=\"text\">\n\t\t\n<p>El teu parquet ha perdut brillantor, t\u00e9 ratllades o marques pel \u00fas diari? Recuperem la bellesa original del teu s\u00f2l mitjan\u00e7ant polit, acuchillat i vernissat professional. Eliminem imperfeccions i retornem uniformitat i resist\u00e8ncia a la fusta.<\/p>\n<p>Treballem en pisos, \u00e0tics, habitatges unifamiliars i comunitats, utilitzant vernissos a l\u2019aigua d\u2019alta resist\u00e8ncia i acabats mat, satinat o brillant, adaptant-nos a l\u2019estil de cada llar.<\/p>\n\t\t\n<style>\n#text-3664652617 {\n  text-align: center;\n  color: #5c3612;\n}\n#text-3664652617 > * {\n  color: #5c3612;\n}\n<\/style>\n\t<\/div>\n\t\n\t\t<\/div>\n\t\t\t\t\t<\/div>\n\n\t\n<\/div>\n\t\t<\/div>\n\t\t\t\t\n<style>\n#col-1424262429 > .col-inner {\n  padding: 50px 50px 50px 50px;\n}\n@media (min-width:550px) {\n  #col-1424262429 > .col-inner {\n    padding: 60px 60px 20px 60px;\n  }\n}\n<\/style>\n\t<\/div>\n\n\t\n<\/div>\n<div class=\"row row-collapse row-full-width align-middle align-center row-divided\"  id=\"row-1133411513\">\n\n\t<div id=\"col-383221524\" class=\"col medium-6 small-12 large-6 small-col-first\"  >\n\t\t\t\t<div class=\"col-inner dark\"  >\n\t\t\t\n\t\t\t\n<div class=\"row\"  id=\"row-100267104\">\n\n\t<div id=\"col-623338882\" class=\"col small-12 large-12\"  >\n\t\t\t\t<div class=\"col-inner text-center\"  >\n\t\t\t\n\t\t\t\n\t<div id=\"text-1314010427\" class=\"text\">\n\t\t\n<h2><strong>Polit de parquet per a negocis i locals<\/strong><\/h2>\n\t\t\n<style>\n#text-1314010427 {\n  font-size: 1.2rem;\n  text-align: center;\n  color: #5c3612;\n}\n#text-1314010427 > * {\n  color: #5c3612;\n}\n<\/style>\n\t<\/div>\n\t\n\t<div id=\"text-3444374248\" class=\"text\">\n\t\t\n<p>Mantenim en perfecte estat el parquet d\u2019oficines, botigues, hotels i restaurants a Barcelona. Oferim treballs r\u00e0pids, nets i amb m\u00ednima interrupci\u00f3 de l\u2019activitat.<\/p>\n<p>Realitzem restauracions completes de s\u00f2ls de fusta, reparaci\u00f3 de lames danyades i aplicaci\u00f3 de vernissos d\u2019alta resist\u00e8ncia al tr\u00e0nsit per garantir un acabat impecable i durador.<\/p>\n\t\t\n<style>\n#text-3444374248 {\n  text-align: center;\n  color: #5c3612;\n}\n#text-3444374248 > * {\n  color: #5c3612;\n}\n<\/style>\n\t<\/div>\n\t\n\t\t<\/div>\n\t\t\t\t\t<\/div>\n\n\t\n<\/div>\n\t\t<\/div>\n\t\t\t\t\n<style>\n#col-383221524 > .col-inner {\n  padding: 50px 50px 50px 50px;\n}\n@media (min-width:550px) {\n  #col-383221524 > .col-inner {\n    padding: 60px 60px 60px 60px;\n  }\n}\n<\/style>\n\t<\/div>\n\n\t\n\n\t<div id=\"col-938951742\" class=\"col medium-6 small-12 large-6\"  >\n\t\t\t\t<div class=\"col-inner\"  >\n\t\t\t\n\t\t\t\n\t<div class=\"img has-hover x md-x lg-x y md-y lg-y\" id=\"image_157049025\">\n\t\t\t\t\t\t\t\t<div class=\"img-inner image-cover dark\" style=\"padding-top:75%;\">\n\t\t\t<img loading=\"lazy\" decoding=\"async\" width=\"1020\" height=\"579\" src=\"https:\/\/pulirparquetbarcelona.com\/wp-content\/uploads\/2026\/02\/pulido-parquet-para-oficinas-barcelona-1024x581.jpeg\" class=\"attachment-large size-large\" alt=\"\" srcset=\"https:\/\/pulirparquetbarcelona.com\/wp-content\/uploads\/2026\/02\/pulido-parquet-para-oficinas-barcelona-1024x581.jpeg 1024w, https:\/\/pulirparquetbarcelona.com\/wp-content\/uploads\/2026\/02\/pulido-parquet-para-oficinas-barcelona-300x170.jpeg 300w, https:\/\/pulirparquetbarcelona.com\/wp-content\/uploads\/2026\/02\/pulido-parquet-para-oficinas-barcelona-768x436.jpeg 768w, https:\/\/pulirparquetbarcelona.com\/wp-content\/uploads\/2026\/02\/pulido-parquet-para-oficinas-barcelona-1536x872.jpeg 1536w, https:\/\/pulirparquetbarcelona.com\/wp-content\/uploads\/2026\/02\/pulido-parquet-para-oficinas-barcelona.jpeg 1600w\" sizes=\"auto, (max-width: 1020px) 100vw, 1020px\" \/>\t\t\t\t\t\t\n\t\t\t\t\t<\/div>\n\t\t\t\t\t\t\t\t\n<style>\n#image_157049025 {\n  width: 100%;\n}\n<\/style>\n\t<\/div>\n\t\n\t\t<\/div>\n\t\t\t\t\t<\/div>\n\n\t\n<\/div>\n\t\t<\/div>\n\n\t\t\n<style>\n#section_854154184 {\n  padding-top: 0px;\n  padding-bottom: 0px;\n  background-color: rgb(246, 240, 233);\n}\n<\/style>\n\t<\/section>\n\t\n\n\t<section class=\"section dark has-parallax\" id=\"section_1839658084\">\n\t\t<div class=\"section-bg fill\" data-parallax-container=\".section\" data-parallax-background data-parallax=\"-10\">\n\t\t\t<img loading=\"lazy\" decoding=\"async\" width=\"2121\" height=\"1414\" src=\"https:\/\/pulirparquetbarcelona.com\/wp-content\/uploads\/2026\/02\/pulir-parquet-en-barcelona.jpg\" class=\"bg attachment- size-\" alt=\"\" \/>\t\t\t\t\t\t<div class=\"section-bg-overlay absolute fill\"><\/div>\n\t\t\t\n\n\t\t<\/div>\n\n\t\t\n\t<div class=\"ux-shape-divider ux-shape-divider--bottom ux-shape-divider--style-arrow-invert\">\n\t\t<svg viewBox=\"0 0 1000 100\" xmlns=\"http:\/\/www.w3.org\/2000\/svg\" preserveAspectRatio=\"none\">\n\t<path class=\"ux-shape-fill\" d=\"M1000 100H0V80H483L500 97L517 80H1000V100Z\"\/>\n<\/svg>\n\t<\/div>\n\n\t\t<div class=\"section-content relative\">\n\t\t\t\n<div class=\"row align-middle align-center\"  id=\"row-639104808\">\n\n\t<div id=\"col-1645656194\" class=\"col small-12 large-12\"  >\n\t\t\t\t<div class=\"col-inner\"  >\n\t\t\t\n\t\t\t\n\t<div id=\"text-1375232451\" class=\"text\">\n\t\t\n<h2>Especialistes en polit, acuchillat i vernissat de parquet a Barcelona i voltants<\/h2>\n\t\t\n<style>\n#text-1375232451 {\n  font-size: 1.2rem;\n  text-align: center;\n}\n<\/style>\n\t<\/div>\n\t\n\t<div id=\"text-3537504806\" class=\"text dobleesp\">\n\t\t\n<p><strong>QUALITAT I SERVEI DES DE FA M\u00c9S DE 25 ANYS<\/strong><\/p>\n\t\t\n<style>\n#text-3537504806 {\n  text-align: center;\n}\n<\/style>\n\t<\/div>\n\t\n\t\t<\/div>\n\t\t\t\t\n<style>\n#col-1645656194 > .col-inner {\n  padding: 30px 0px 0px 0px;\n}\n<\/style>\n\t<\/div>\n\n\t\n<\/div>\n\t\t<\/div>\n\n\t\t\n<style>\n#section_1839658084 {\n  padding-top: 60px;\n  padding-bottom: 60px;\n}\n#section_1839658084 .section-bg-overlay {\n  background-color: rgba(162, 102, 39, 0.715);\n}\n#section_1839658084 .section-bg img {\n  object-position: 44% 0%;\n}\n#section_1839658084 .ux-shape-divider--bottom svg {\n  height: 150px;\n  --divider-width: 300%;\n}\n#section_1839658084 .ux-shape-divider--bottom .ux-shape-fill {\n  fill: rgb(246, 240, 233);\n}\n@media (min-width:550px) {\n  #section_1839658084 .ux-shape-divider--bottom svg {\n    --divider-width: 100%;\n  }\n}\n<\/style>\n\t<\/section>\n\t\n\n\t<section class=\"section\" id=\"section_1388953478\">\n\t\t<div class=\"section-bg fill\" >\n\t\t\t\t\t\t\t\t\t<div class=\"section-bg-overlay absolute fill\"><\/div>\n\t\t\t\n\n\t\t<\/div>\n\n\t\t\n\n\t\t<div class=\"section-content relative\">\n\t\t\t\n<div class=\"row align-center\"  id=\"row-2099034204\">\n\n\t<div id=\"col-726361977\" class=\"col medium-10 small-12 large-10\"  >\n\t\t\t\t<div class=\"col-inner\"  >\n\t\t\t\n\t\t\t\n\t<div id=\"text-3431938943\" class=\"text\">\n\t\t\n<h2>Els nostres serveis d\u2019acuchillat de parquet<\/h2>\n\t\t\n<style>\n#text-3431938943 {\n  text-align: center;\n  color: #5c3612;\n}\n#text-3431938943 > * {\n  color: #5c3612;\n}\n<\/style>\n\t<\/div>\n\t\n\t<div id=\"text-2178895758\" class=\"text\">\n\t\t\n<p>M\u00e9s de 25 anys d\u2019experi\u00e8ncia en polit i restauraci\u00f3 de s\u00f2ls de fusta a Barcelona, utilitzant maquin\u00e0ria professional i vernissos ecol\u00f2gics de darrera generaci\u00f3.<br \/>\n\t\t\n<style>\n#text-2178895758 {\n  text-align: center;\n  color: rgb(0,0,0);\n}\n#text-2178895758 > * {\n  color: rgb(0,0,0);\n}\n<\/style>\n\t<\/div>\n\t\n\t\t<\/div>\n\t\t\t\t\n<style>\n#col-726361977 > .col-inner {\n  padding: 30px 0px 0px 0px;\n}\n<\/style>\n\t<\/div>\n\n\t\n<\/div>\n<div class=\"row align-equal\"  id=\"row-1577129079\">\n\n\t<div id=\"col-706429893\" class=\"col medium-4 small-12 large-4\"  >\n\t\t\t\t<div class=\"col-inner box-shadow-1\" style=\"background-color:rgb(255, 255, 255);\" >\n\t\t\t\n\t\t\t\n\n\t\t<div class=\"icon-box featured-box icon-box-top text-left\"  >\n\t\t\t\t\t<div class=\"icon-box-img\" style=\"width: 50px\">\n\t\t\t\t<div class=\"icon\">\n\t\t\t\t\t<div class=\"icon-inner\" style=\"color:rgb(6, 67, 128);\">\n\t\t\t\t\t\t\t\t\t\t\t<\/div>\n\t\t\t\t<\/div>\n\t\t\t<\/div>\n\t\t\t\t<div class=\"icon-box-text last-reset\">\n\t\t\t\t\t\t\t\t\t\n\t<div class=\"img has-hover x md-x lg-x y md-y lg-y\" id=\"image_1797259687\">\n\t\t\t\t\t\t\t\t<div class=\"img-inner image-cover dark\" style=\"padding-top:75%;\">\n\t\t\t<img loading=\"lazy\" decoding=\"async\" width=\"1020\" height=\"680\" src=\"https:\/\/pulirparquetbarcelona.com\/wp-content\/uploads\/2026\/02\/pulido-parquet-barcelona-1024x683.jpg\" class=\"attachment-large size-large\" alt=\"\" srcset=\"https:\/\/pulirparquetbarcelona.com\/wp-content\/uploads\/2026\/02\/pulido-parquet-barcelona-1024x683.jpg 1024w, https:\/\/pulirparquetbarcelona.com\/wp-content\/uploads\/2026\/02\/pulido-parquet-barcelona-300x200.jpg 300w, https:\/\/pulirparquetbarcelona.com\/wp-content\/uploads\/2026\/02\/pulido-parquet-barcelona-768x512.jpg 768w, https:\/\/pulirparquetbarcelona.com\/wp-content\/uploads\/2026\/02\/pulido-parquet-barcelona-1536x1024.jpg 1536w, https:\/\/pulirparquetbarcelona.com\/wp-content\/uploads\/2026\/02\/pulido-parquet-barcelona.jpg 1600w\" sizes=\"auto, (max-width: 1020px) 100vw, 1020px\" \/>\t\t\t\t\t\t\n\t\t\t\t\t<\/div>\n\t\t\t\t\t\t\t\t\n<style>\n#image_1797259687 {\n  width: 100%;\n}\n<\/style>\n\t<\/div>\n\t\n\t<div id=\"gap-1239800396\" class=\"gap-element clearfix\" style=\"display:block; height:auto;\">\n\t\t\n<style>\n#gap-1239800396 {\n  padding-top: 20px;\n}\n<\/style>\n\t<\/div>\n\t\n\t<div id=\"text-2893949602\" class=\"text\">\n\t\t\n<h3>Polit i Acuchillat<\/h3>\n\t\t\n<style>\n#text-2893949602 {\n  color: #5c3612;\n}\n#text-2893949602 > * {\n  color: #5c3612;\n}\n<\/style>\n\t<\/div>\n\t\n\t<div id=\"gap-959332387\" class=\"gap-element clearfix\" style=\"display:block; height:auto;\">\n\t\t\n<style>\n#gap-959332387 {\n  padding-top: 20px;\n}\n<\/style>\n\t<\/div>\n\t\n<p>Eliminem ratllades, taques i desgast superficial mitjan\u00e7ant maquin\u00e0ria professional. Nivellem la superf\u00edcie i preparem el parquet per a un acabat perfecte.<\/p>\n\t\t<\/div>\n\t<\/div>\n\t\n\t\n\t\t<\/div>\n\t\t\t\t\n<style>\n#col-706429893 > .col-inner {\n  padding: 10px 20px 20px 20px;\n  border-radius: 20px;\n}\n<\/style>\n\t<\/div>\n\n\t\n\n\t<div id=\"col-689907652\" class=\"col medium-4 small-12 large-4\"  >\n\t\t\t\t<div class=\"col-inner box-shadow-1\" style=\"background-color:rgb(255, 255, 255);\" >\n\t\t\t\n\t\t\t\n\n\t\t<div class=\"icon-box featured-box icon-box-top text-left\"  >\n\t\t\t\t\t<div class=\"icon-box-img\" style=\"width: 50px\">\n\t\t\t\t<div class=\"icon\">\n\t\t\t\t\t<div class=\"icon-inner\" style=\"color:rgb(6, 67, 128);\">\n\t\t\t\t\t\t\t\t\t\t\t<\/div>\n\t\t\t\t<\/div>\n\t\t\t<\/div>\n\t\t\t\t<div class=\"icon-box-text last-reset\">\n\t\t\t\t\t\t\t\t\t\n\t<div class=\"img has-hover x md-x lg-x y md-y lg-y\" id=\"image_1388641611\">\n\t\t\t\t\t\t\t\t<div class=\"img-inner image-cover dark\" style=\"padding-top:75%;\">\n\t\t\t<img loading=\"lazy\" decoding=\"async\" width=\"1020\" height=\"680\" src=\"https:\/\/pulirparquetbarcelona.com\/wp-content\/uploads\/2026\/02\/Barnizado-y-Acabados-parquet-barcelona-1024x683.jpg\" class=\"attachment-large size-large\" alt=\"\" srcset=\"https:\/\/pulirparquetbarcelona.com\/wp-content\/uploads\/2026\/02\/Barnizado-y-Acabados-parquet-barcelona-1024x683.jpg 1024w, https:\/\/pulirparquetbarcelona.com\/wp-content\/uploads\/2026\/02\/Barnizado-y-Acabados-parquet-barcelona-300x200.jpg 300w, https:\/\/pulirparquetbarcelona.com\/wp-content\/uploads\/2026\/02\/Barnizado-y-Acabados-parquet-barcelona-768x512.jpg 768w, https:\/\/pulirparquetbarcelona.com\/wp-content\/uploads\/2026\/02\/Barnizado-y-Acabados-parquet-barcelona.jpg 1536w\" sizes=\"auto, (max-width: 1020px) 100vw, 1020px\" \/>\t\t\t\t\t\t\n\t\t\t\t\t<\/div>\n\t\t\t\t\t\t\t\t\n<style>\n#image_1388641611 {\n  width: 100%;\n}\n<\/style>\n\t<\/div>\n\t\n\t<div id=\"gap-1493433731\" class=\"gap-element clearfix\" style=\"display:block; height:auto;\">\n\t\t\n<style>\n#gap-1493433731 {\n  padding-top: 20px;\n}\n<\/style>\n\t<\/div>\n\t\n\t<div id=\"text-1559435854\" class=\"text\">\n\t\t\n<h3>Vernissat i Acabats<\/h3>\n\t\t\n<style>\n#text-1559435854 {\n  color: #5c3612;\n}\n#text-1559435854 > * {\n  color: #5c3612;\n}\n<\/style>\n\t<\/div>\n\t\n\t<div id=\"gap-1281647934\" class=\"gap-element clearfix\" style=\"display:block; height:auto;\">\n\t\t\n<style>\n#gap-1281647934 {\n  padding-top: 20px;\n}\n<\/style>\n\t<\/div>\n\t\n<p>Apliquem vernissos a l\u2019aigua i poliuretans d\u2019alta resist\u00e8ncia. Acabats mat, satinat o brillant per protegir i real\u00e7ar la bellesa natural de la fusta.<\/p>\n\t\t<\/div>\n\t<\/div>\n\t\n\t\n\t\t<\/div>\n\t\t\t\t\n<style>\n#col-689907652 > .col-inner {\n  padding: 10px 20px 20px 20px;\n  border-radius: 20px;\n}\n<\/style>\n\t<\/div>\n\n\t\n\n\t<div id=\"col-64516208\" class=\"col medium-4 small-12 large-4\"  >\n\t\t\t\t<div class=\"col-inner box-shadow-1\" style=\"background-color:rgb(255, 255, 255);\" >\n\t\t\t\n\t\t\t\n\n\t\t<div class=\"icon-box featured-box icon-box-top text-left\"  >\n\t\t\t\t\t<div class=\"icon-box-img\" style=\"width: 50px\">\n\t\t\t\t<div class=\"icon\">\n\t\t\t\t\t<div class=\"icon-inner\" style=\"color:rgb(6, 67, 128);\">\n\t\t\t\t\t\t\t\t\t\t\t<\/div>\n\t\t\t\t<\/div>\n\t\t\t<\/div>\n\t\t\t\t<div class=\"icon-box-text last-reset\">\n\t\t\t\t\t\t\t\t\t\n\t<div class=\"img has-hover x md-x lg-x y md-y lg-y\" id=\"image_618559167\">\n\t\t\t\t\t\t\t\t<div class=\"img-inner image-cover dark\" style=\"padding-top:75%;\">\n\t\t\t<img loading=\"lazy\" decoding=\"async\" width=\"1020\" height=\"680\" src=\"https:\/\/pulirparquetbarcelona.com\/wp-content\/uploads\/2026\/02\/pulir-parquet-barcelona.jpg\" class=\"attachment-large size-large\" alt=\"pulir parquet barcelona\" \/>\t\t\t\t\t\t\n\t\t\t\t\t<\/div>\n\t\t\t\t\t\t\t\t\n<style>\n#image_618559167 {\n  width: 100%;\n}\n<\/style>\n\t<\/div>\n\t\n\t<div id=\"gap-1785559082\" class=\"gap-element clearfix\" style=\"display:block; height:auto;\">\n\t\t\n<style>\n#gap-1785559082 {\n  padding-top: 20px;\n}\n<\/style>\n\t<\/div>\n\t\n\t<div id=\"text-3601372069\" class=\"text\">\n\t\t\n<h3>Reparaci\u00f3 de Parquet<\/h3>\n\t\t\n<style>\n#text-3601372069 {\n  color: #5c3612;\n}\n#text-3601372069 > * {\n  color: #5c3612;\n}\n<\/style>\n\t<\/div>\n\t\n\t<div id=\"gap-1412977063\" class=\"gap-element clearfix\" style=\"display:block; height:auto;\">\n\t\t\n<style>\n#gap-1412977063 {\n  padding-top: 20px;\n}\n<\/style>\n\t<\/div>\n\t\n<p>Substituci\u00f3 de lames danyades, reparaci\u00f3 de cops i zones deteriorades. Restauram el teu s\u00f2l sense necessitat de canviar-lo completament.<\/p>\n\t\t<\/div>\n\t<\/div>\n\t\n\t\n\t\t<\/div>\n\t\t\t\t\n<style>\n#col-64516208 > .col-inner {\n  padding: 10px 20px 20px 20px;\n  border-radius: 20px;\n}\n<\/style>\n\t<\/div>\n\n\t\n<\/div>\n\t\t<\/div>\n\n\t\t\n<style>\n#section_1388953478 {\n  padding-top: 50px;\n  padding-bottom: 50px;\n}\n#section_1388953478 .section-bg-overlay {\n  background-color: rgb(246, 240, 233);\n}\n<\/style>\n\t<\/section>\n\t\n\n\t<section class=\"section\" id=\"section_75914748\">\n\t\t<div class=\"section-bg fill\" >\n\t\t\t<img loading=\"lazy\" decoding=\"async\" width=\"1600\" height=\"1067\" src=\"https:\/\/pulirparquetbarcelona.com\/wp-content\/uploads\/2026\/02\/pulido-parquet-barcelona.jpg\" class=\"bg attachment-original size-original\" alt=\"\" \/>\t\t\t\t\t\t<div class=\"section-bg-overlay absolute fill\"><\/div>\n\t\t\t\n\n\t\t<\/div>\n\n\t\t\n\n\t\t<div class=\"section-content relative\">\n\t\t\t\n<div class=\"row align-center\"  id=\"row-1308266298\">\n\n\t<div id=\"col-678439569\" class=\"col medium-10 small-12 large-10\"  >\n\t\t\t\t<div class=\"col-inner text-center text-shadow-5 dark\"  >\n\t\t\t\n\t\t\t\n\t<div id=\"text-2326227267\" class=\"text\">\n\t\t\n<h2>Tens algun dubte?<\/h2>\n\t\t\n<style>\n#text-2326227267 {\n  font-size: 1.75rem;\n  color: rgb(255,255,255);\n}\n#text-2326227267 > * {\n  color: rgb(255,255,255);\n}\n<\/style>\n\t<\/div>\n\t\n\t<div id=\"text-2852486136\" class=\"text\">\n\t\t\n<p>M\u00e9s de 25 anys politant s\u00f2ls de parquet a Barcelona<\/p>\n\t\t\n<style>\n#text-2852486136 {\n  font-size: 1.2rem;\n}\n<\/style>\n\t<\/div>\n\t\n<a href=\"https:\/\/pulirparquetbarcelona.com\/ca\/contacto\/\" class=\"button primary box-shadow-2 reveal-icon blancoazul\" style=\"border-radius:10px;padding:5px 15px 5px 15px;\">\n\t\t<span>contacta ara<\/span>\n\t<i class=\"icon-angle-right\" aria-hidden=\"true\"><\/i><\/a>\n\n\t\t<\/div>\n\t\t\t\t\t<\/div>\n\n\t\n<\/div>\n\t\t<\/div>\n\n\t\t\n<style>\n#section_75914748 {\n  padding-top: 150px;\n  padding-bottom: 150px;\n}\n#section_75914748 .section-bg-overlay {\n  background-color: rgba(0, 0, 0, 0.198);\n}\n#section_75914748 .section-bg img {\n  object-position: 55% 100%;\n}\n<\/style>\n\t<\/section>\n\t\n","protected":false},"excerpt":{"rendered":"","protected":false},"author":1,"featured_media":0,"parent":0,"menu_order":0,"comment_status":"closed","ping_status":"closed","template":"page-blank.php","meta":{"footnotes":""},"class_list":["post-225","page","type-page","status-publish","hentry"],"yoast_head":"<!-- This site is optimized with the Yoast SEO plugin v27.0 - https:\/\/yoast.com\/product\/yoast-seo-wordpress\/ -->\n<title>Polir Parquet Barcelona<\/title>\n<meta name=\"description\" content=\"Recupera la bellesa dels teus s\u00f2ls de fusta amb m\u00e9s de 25 anys d\u2019experi\u00e8ncia en polit, acuchillat i vernissat de parquet a Barcelona. Pressupost gratu\u00eft i sense comprom\u00eds.\" \/>\n<meta name=\"robots\" content=\"index, follow, max-snippet:-1, max-image-preview:large, max-video-preview:-1\" \/>\n<link rel=\"canonical\" href=\"https:\/\/pulirparquetbarcelona.com\/ca\/\" \/>\n<meta property=\"og:locale\" content=\"ca_ES\" \/>\n<meta property=\"og:type\" content=\"article\" \/>\n<meta property=\"og:title\" content=\"Polir Parquet Barcelona\" \/>\n<meta property=\"og:description\" content=\"Recupera la bellesa dels teus s\u00f2ls de fusta amb m\u00e9s de 25 anys d\u2019experi\u00e8ncia en polit, acuchillat i vernissat de parquet a Barcelona. Pressupost gratu\u00eft i sense comprom\u00eds.\" \/>\n<meta property=\"og:url\" content=\"https:\/\/pulirparquetbarcelona.com\/ca\/\" \/>\n<meta property=\"og:site_name\" content=\"Pulir Parquet Barcelona\" \/>\n<meta property=\"article:modified_time\" content=\"2026-02-17T11:15:37+00:00\" \/>\n<meta name=\"twitter:card\" content=\"summary_large_image\" \/>\n<meta name=\"twitter:label1\" content=\"Temps estimat de lectura\" \/>\n\t<meta name=\"twitter:data1\" content=\"4 minuts\" \/>\n<script type=\"application\/ld+json\" class=\"yoast-schema-graph\">{\"@context\":\"https:\/\/schema.org\",\"@graph\":[{\"@type\":\"WebPage\",\"@id\":\"https:\/\/pulirparquetbarcelona.com\/ca\/\",\"url\":\"https:\/\/pulirparquetbarcelona.com\/ca\/\",\"name\":\"Polir Parquet Barcelona\",\"isPartOf\":{\"@id\":\"https:\/\/pulirparquetbarcelona.com\/ca\/#website\"},\"datePublished\":\"2026-02-16T08:17:08+00:00\",\"dateModified\":\"2026-02-17T11:15:37+00:00\",\"description\":\"Recupera la bellesa dels teus s\u00f2ls de fusta amb m\u00e9s de 25 anys d\u2019experi\u00e8ncia en polit, acuchillat i vernissat de parquet a Barcelona. Pressupost gratu\u00eft i sense comprom\u00eds.\",\"breadcrumb\":{\"@id\":\"https:\/\/pulirparquetbarcelona.com\/ca\/#breadcrumb\"},\"inLanguage\":\"ca\",\"potentialAction\":[{\"@type\":\"ReadAction\",\"target\":[\"https:\/\/pulirparquetbarcelona.com\/ca\/\"]}]},{\"@type\":\"BreadcrumbList\",\"@id\":\"https:\/\/pulirparquetbarcelona.com\/ca\/#breadcrumb\",\"itemListElement\":[{\"@type\":\"ListItem\",\"position\":1,\"name\":\"Portada\",\"item\":\"https:\/\/pulirparquetbarcelona.com\/ca\/inicio\/\"},{\"@type\":\"ListItem\",\"position\":2,\"name\":\"Inici\"}]},{\"@type\":\"WebSite\",\"@id\":\"https:\/\/pulirparquetbarcelona.com\/ca\/#website\",\"url\":\"https:\/\/pulirparquetbarcelona.com\/ca\/\",\"name\":\"Pulir Parquet Barcelona\",\"description\":\"\",\"potentialAction\":[{\"@type\":\"SearchAction\",\"target\":{\"@type\":\"EntryPoint\",\"urlTemplate\":\"https:\/\/pulirparquetbarcelona.com\/ca\/?s={search_term_string}\"},\"query-input\":{\"@type\":\"PropertyValueSpecification\",\"valueRequired\":true,\"valueName\":\"search_term_string\"}}],\"inLanguage\":\"ca\"}]}<\/script>\n<!-- \/ Yoast SEO plugin. -->","yoast_head_json":{"title":"Polir Parquet Barcelona","description":"Recupera la bellesa dels teus s\u00f2ls de fusta amb m\u00e9s de 25 anys d\u2019experi\u00e8ncia en polit, acuchillat i vernissat de parquet a Barcelona. Pressupost gratu\u00eft i sense comprom\u00eds.","robots":{"index":"index","follow":"follow","max-snippet":"max-snippet:-1","max-image-preview":"max-image-preview:large","max-video-preview":"max-video-preview:-1"},"canonical":"https:\/\/pulirparquetbarcelona.com\/ca\/","og_locale":"ca_ES","og_type":"article","og_title":"Polir Parquet Barcelona","og_description":"Recupera la bellesa dels teus s\u00f2ls de fusta amb m\u00e9s de 25 anys d\u2019experi\u00e8ncia en polit, acuchillat i vernissat de parquet a Barcelona. Pressupost gratu\u00eft i sense comprom\u00eds.","og_url":"https:\/\/pulirparquetbarcelona.com\/ca\/","og_site_name":"Pulir Parquet Barcelona","article_modified_time":"2026-02-17T11:15:37+00:00","twitter_card":"summary_large_image","twitter_misc":{"Temps estimat de lectura":"4 minuts"},"schema":{"@context":"https:\/\/schema.org","@graph":[{"@type":"WebPage","@id":"https:\/\/pulirparquetbarcelona.com\/ca\/","url":"https:\/\/pulirparquetbarcelona.com\/ca\/","name":"Polir Parquet Barcelona","isPartOf":{"@id":"https:\/\/pulirparquetbarcelona.com\/ca\/#website"},"datePublished":"2026-02-16T08:17:08+00:00","dateModified":"2026-02-17T11:15:37+00:00","description":"Recupera la bellesa dels teus s\u00f2ls de fusta amb m\u00e9s de 25 anys d\u2019experi\u00e8ncia en polit, acuchillat i vernissat de parquet a Barcelona. Pressupost gratu\u00eft i sense comprom\u00eds.","breadcrumb":{"@id":"https:\/\/pulirparquetbarcelona.com\/ca\/#breadcrumb"},"inLanguage":"ca","potentialAction":[{"@type":"ReadAction","target":["https:\/\/pulirparquetbarcelona.com\/ca\/"]}]},{"@type":"BreadcrumbList","@id":"https:\/\/pulirparquetbarcelona.com\/ca\/#breadcrumb","itemListElement":[{"@type":"ListItem","position":1,"name":"Portada","item":"https:\/\/pulirparquetbarcelona.com\/ca\/inicio\/"},{"@type":"ListItem","position":2,"name":"Inici"}]},{"@type":"WebSite","@id":"https:\/\/pulirparquetbarcelona.com\/ca\/#website","url":"https:\/\/pulirparquetbarcelona.com\/ca\/","name":"Pulir Parquet Barcelona","description":"","potentialAction":[{"@type":"SearchAction","target":{"@type":"EntryPoint","urlTemplate":"https:\/\/pulirparquetbarcelona.com\/ca\/?s={search_term_string}"},"query-input":{"@type":"PropertyValueSpecification","valueRequired":true,"valueName":"search_term_string"}}],"inLanguage":"ca"}]}},"_links":{"self":[{"href":"https:\/\/pulirparquetbarcelona.com\/ca\/wp-json\/wp\/v2\/pages\/225","targetHints":{"allow":["GET"]}}],"collection":[{"href":"https:\/\/pulirparquetbarcelona.com\/ca\/wp-json\/wp\/v2\/pages"}],"about":[{"href":"https:\/\/pulirparquetbarcelona.com\/ca\/wp-json\/wp\/v2\/types\/page"}],"author":[{"embeddable":true,"href":"https:\/\/pulirparquetbarcelona.com\/ca\/wp-json\/wp\/v2\/users\/1"}],"replies":[{"embeddable":true,"href":"https:\/\/pulirparquetbarcelona.com\/ca\/wp-json\/wp\/v2\/comments?post=225"}],"version-history":[{"count":0,"href":"https:\/\/pulirparquetbarcelona.com\/ca\/wp-json\/wp\/v2\/pages\/225\/revisions"}],"wp:attachment":[{"href":"https:\/\/pulirparquetbarcelona.com\/ca\/wp-json\/wp\/v2\/media?parent=225"}],"curies":[{"name":"wp","href":"https:\/\/api.w.org\/{rel}","templated":true}]}}