{"id":223,"date":"2026-02-17T11:28:24","date_gmt":"2026-02-17T10:28:24","guid":{"rendered":"https:\/\/pulirparquetbarcelona.com\/declaracion-de-accesibilidad\/"},"modified":"2026-02-17T11:37:31","modified_gmt":"2026-02-17T10:37:31","slug":"declaracio-daccesibilitat","status":"publish","type":"page","link":"https:\/\/pulirparquetbarcelona.com\/ca\/declaracio-daccesibilitat\/","title":{"rendered":"Declaraci\u00f3 d&#8217;accesibilitat"},"content":{"rendered":"\n\t<section class=\"section\" id=\"section_1233815088\">\n\t\t<div class=\"section-bg fill\" >\n\t\t\t\t\t\t\t\t\t\n\t\t\t\n\n\t\t<\/div>\n\n\t\t\n\n\t\t<div class=\"section-content relative\">\n\t\t\t\n<div class=\"row\"  id=\"row-759190439\">\n\n\t<div id=\"col-1640196814\" class=\"col small-12 large-12\"  >\n\t\t\t\t<div class=\"col-inner\"  >\n\t\t\t\n\t\t\t\n<p>PULIDO PARQUET BARCELONA SL s\u2019ha comprom\u00e8s a fer accessibles els seus llocs web d\u2019acord amb el <span style=\"color: #000000;\"><a style=\"color: #000000;\" href=\"https:\/\/www.boe.es\/buscar\/act.php?id=BOE-A-2018-12699\"><strong>Reial Decret 1112\/2018, de 7 de setembre, sobre accessibilitat dels llocs web i aplicacions per a dispositius m\u00f2bils del sector p\u00fablic<\/strong><\/a>.<\/span><\/p>\n<p><strong>SITUACI\u00d3 DE COMPLIMENT<\/strong><\/p>\n<p>Aquest lloc web \u00e9s <strong>parcialment conforme<\/strong> amb el <span style=\"color: #000000;\"><a style=\"color: #000000;\" href=\"https:\/\/www.boe.es\/diario_boe\/txt.php?id=BOE-A-2018-12699\"><strong>RD 1112\/2018<\/strong><\/a><\/span> a causa de les excepcions i la manca de conformitat d\u2019aspectes que s\u2019indiquen a continuaci\u00f3.<\/p>\n<p><strong>CONTINGUT NO ACCESSIBLE<\/strong><\/p>\n<p>El contingut que es recull a continuaci\u00f3 no \u00e9s accessible pels seg\u00fcents motius:<\/p>\n<ul>\n<li><strong>Manca de conformitat amb el RD 1112\/2018:<\/strong>\n<ul>\n<li>Al portal poden existir continguts en altres idiomes en els quals no est\u00e0 etiquetat correctament el canvi d\u2019idioma<\/li>\n<li>Els elements multim\u00e8dia nom\u00e9s d\u2019\u00e0udio no tenen alternativa<\/li>\n<li>Hi ha v\u00eddeos sense subt\u00edtols<\/li>\n<li>Hi ha contingut textual sense un contrast suficient<\/li>\n<li>S\u2019observa que en alguns casos el focus no compleix amb la r\u00e0tio m\u00ednima de contrast requerida<\/li>\n<li>En algun cas pot produir-se solapament de contingut<\/li>\n<li>Hi ha documents PDF amb problemes d\u2019accessibilitat<\/li>\n<\/ul>\n<\/li>\n<\/ul>\n<ul>\n<li><strong>C\u00e0rrega desproporcionada:<\/strong><\/li>\n<\/ul>\n<p>No aplica.<strong> <\/strong><\/p>\n<p><strong>PREPARACI\u00d3 DE LA PRESENT DECLARACI\u00d3 D\u2019ACCESSIBILITAT<\/strong><\/p>\n<p>La present declaraci\u00f3 va ser preparada el 20\/10\/2025.<\/p>\n<p>El m\u00e8tode emprat per a aquesta declaraci\u00f3 ha estat una autoavaluaci\u00f3 realitzada amb l\u2019eina de Google https:\/\/pagespeed.web.dev\/ a l\u2019apartat d\u2019Accessibilitat.<\/p>\n<p><strong>OBSERVACIONS I DADES DE CONTACTE<\/strong><\/p>\n<p><strong>Comunicacions sobre requisits d\u2019accessibilitat<\/strong><\/p>\n<p>Es poden realitzar comunicacions sobre requisits d\u2019accessibilitat (article 10.2.a del RD 1112\/2018) com, per exemple:<\/p>\n<ul>\n<li><strong>informar sobre qualsevol possible incompliment per part d\u2019aquest lloc web<\/strong><\/li>\n<li><strong>transmetre altres dificultats d\u2019acc\u00e9s al contingut<\/strong><\/li>\n<li><strong>formular qualsevol altra consulta o suggeriment de millora relativa a l\u2019accessibilitat del lloc web<\/strong><\/li>\n<\/ul>\n<p>a trav\u00e9s del <strong><a href=\"https:\/\/pulirparquetbarcelona.com\/contacto\/\">formulari de contacte sobre requisits d\u2019accessibilitat<\/a><\/strong><\/p>\n<p><strong>Sol\u00b7licituds d\u2019informaci\u00f3 accessible i queixes<\/strong><\/p>\n<p>A trav\u00e9s del <strong><a href=\"https:\/\/pulirparquetbarcelona.com\/contacto\/\"><span style=\"color: #000000;\">formulari de sol\u00b7licituds d\u2019informaci\u00f3 accessible i de queixes en mat\u00e8ria d\u2019accessibilitat<\/span><\/a><\/strong> es pot presentar:<\/p>\n<ul>\n<li><strong>una Queixa relativa al compliment dels requisits del RD 1112\/2018 o<\/strong><\/li>\n<li><strong>una Sol\u00b7licitud d\u2019Informaci\u00f3 accessible relativa a:<\/strong>\n<ul>\n<li>continguts que estan exclosos de l\u2019\u00e0mbit d\u2019aplicaci\u00f3 del RD 1112\/2018 segons l\u2019establert a l\u2019article 3, apartat 4<\/li>\n<li>continguts que estan exempts del compliment dels requisits d\u2019accessibilitat per imposar una c\u00e0rrega desproporcionada.<\/li>\n<\/ul>\n<\/li>\n<\/ul>\n<p>En la Sol\u00b7licitud d\u2019informaci\u00f3 accessible, s\u2019ha de concretar, amb tota claredat, els fets, raons i petici\u00f3 que permetin constatar que es tracta d\u2019una sol\u00b7licitud raonable i leg\u00edtima.<\/p>\n<p><strong>PROC\u00c9S D\u2019APLICACI\u00d3<\/strong><\/p>\n<p>Si, un cop realitzada una sol\u00b7licitud d\u2019informaci\u00f3 accessible o queixa, aquesta hagu\u00e9s estat desestimada, no s\u2019estigu\u00e9s d\u2019acord amb la decisi\u00f3 adoptada, o la resposta no compl\u00eds els requisits contemplats a l\u2019article 12.5 del RD 1112\/2018, la persona interessada podr\u00e0 iniciar una reclamaci\u00f3. Igualment es podr\u00e0 iniciar una reclamaci\u00f3 en cas de no haver obtingut resposta.<\/p>\n<p>El procediment de reclamaci\u00f3 recollit a l\u2019article 13 del RD 1112\/2018, es pot iniciar a trav\u00e9s de <a href=\"https:\/\/sedeagpd.gob.es\/sede-electronica-web\/vistas\/formProcedimientoEntrada\/procedimientoEntradaAmpliado.jsf\"><strong>aquest enlla\u00e7<\/strong><\/a>.<\/p>\n<p><strong>CONTINGUT OPCIONAL<\/strong><\/p>\n<p>El lloc web:<\/p>\n<ul>\n<li><strong>s\u2019ha dissenyat adaptant-se als est\u00e0ndards i normatives vigents en relaci\u00f3 amb l\u2019accessibilitat, complint els punts de verificaci\u00f3 de prioritat 2 (AA) definits a l\u2019especificaci\u00f3 de Pautes d\u2019Accessibilitat al Contingut en la Web (WCAG 2.1)<\/strong><\/li>\n<li><strong>est\u00e0 optimitzat per a les \u00faltimes versions vigents de Chrome, Edge, Firefox, Safari i Opera<\/strong><\/li>\n<li><strong>est\u00e0 dissenyat per a la correcta visualitzaci\u00f3 en qualsevol resoluci\u00f3 i dispositiu d\u2019escriptori, tauletes o m\u00f2bils (disseny <em>responsive<\/em>)<\/strong><\/li>\n<li><strong>s\u2019ha realitzat utilitzant HTML5 com a llenguatge de marcat i fulles d\u2019estil CSS3 per al seu disseny<\/strong><\/li>\n<\/ul>\n<p>A m\u00e9s, es realitza una tasca cont\u00ednua d\u2019auditoria i revisi\u00f3 de continguts per facilitar-ne la interpretaci\u00f3 i millorar la navegaci\u00f3 pel portal web.<\/p>\n\t\t<\/div>\n\t\t\t\t\t<\/div>\n\n\t\n<\/div>\n\t\t<\/div>\n\n\t\t\n<style>\n#section_1233815088 {\n  padding-top: 30px;\n  padding-bottom: 30px;\n}\n<\/style>\n\t<\/section>\n\t\n","protected":false},"excerpt":{"rendered":"","protected":false},"author":1,"featured_media":0,"parent":0,"menu_order":0,"comment_status":"closed","ping_status":"closed","template":"","meta":{"footnotes":""},"class_list":["post-223","page","type-page","status-publish","hentry"],"yoast_head":"<!-- This site is optimized with the Yoast SEO plugin v27.0 - https:\/\/yoast.com\/product\/yoast-seo-wordpress\/ -->\n<title>Declaraci\u00f3 d&#039;accesibilitat - Pulir Parquet Barcelona<\/title>\n<meta name=\"robots\" content=\"index, follow, max-snippet:-1, max-image-preview:large, max-video-preview:-1\" \/>\n<link rel=\"canonical\" href=\"https:\/\/pulirparquetbarcelona.com\/ca\/declaracio-daccesibilitat\/\" \/>\n<meta property=\"og:locale\" content=\"ca_ES\" \/>\n<meta property=\"og:type\" content=\"article\" \/>\n<meta property=\"og:title\" content=\"Declaraci\u00f3 d&#039;accesibilitat - Pulir Parquet Barcelona\" \/>\n<meta property=\"og:url\" content=\"https:\/\/pulirparquetbarcelona.com\/ca\/declaracio-daccesibilitat\/\" \/>\n<meta property=\"og:site_name\" content=\"Pulir Parquet Barcelona\" \/>\n<meta property=\"article:modified_time\" content=\"2026-02-17T10:37:31+00:00\" \/>\n<meta name=\"twitter:card\" content=\"summary_large_image\" \/>\n<meta name=\"twitter:label1\" content=\"Temps estimat de lectura\" \/>\n\t<meta name=\"twitter:data1\" content=\"3 minuts\" \/>\n<script type=\"application\/ld+json\" class=\"yoast-schema-graph\">{\"@context\":\"https:\/\/schema.org\",\"@graph\":[{\"@type\":\"WebPage\",\"@id\":\"https:\/\/pulirparquetbarcelona.com\/ca\/declaracio-daccesibilitat\/\",\"url\":\"https:\/\/pulirparquetbarcelona.com\/ca\/declaracio-daccesibilitat\/\",\"name\":\"Declaraci\u00f3 d'accesibilitat - Pulir Parquet Barcelona\",\"isPartOf\":{\"@id\":\"https:\/\/pulirparquetbarcelona.com\/ca\/#website\"},\"datePublished\":\"2026-02-17T10:28:24+00:00\",\"dateModified\":\"2026-02-17T10:37:31+00:00\",\"breadcrumb\":{\"@id\":\"https:\/\/pulirparquetbarcelona.com\/ca\/declaracio-daccesibilitat\/#breadcrumb\"},\"inLanguage\":\"ca\",\"potentialAction\":[{\"@type\":\"ReadAction\",\"target\":[\"https:\/\/pulirparquetbarcelona.com\/ca\/declaracio-daccesibilitat\/\"]}]},{\"@type\":\"BreadcrumbList\",\"@id\":\"https:\/\/pulirparquetbarcelona.com\/ca\/declaracio-daccesibilitat\/#breadcrumb\",\"itemListElement\":[{\"@type\":\"ListItem\",\"position\":1,\"name\":\"Portada\",\"item\":\"https:\/\/pulirparquetbarcelona.com\/ca\/inicio\/\"},{\"@type\":\"ListItem\",\"position\":2,\"name\":\"Declaraci\u00f3 d&#8217;accesibilitat\"}]},{\"@type\":\"WebSite\",\"@id\":\"https:\/\/pulirparquetbarcelona.com\/ca\/#website\",\"url\":\"https:\/\/pulirparquetbarcelona.com\/ca\/\",\"name\":\"Pulir Parquet Barcelona\",\"description\":\"\",\"potentialAction\":[{\"@type\":\"SearchAction\",\"target\":{\"@type\":\"EntryPoint\",\"urlTemplate\":\"https:\/\/pulirparquetbarcelona.com\/ca\/?s={search_term_string}\"},\"query-input\":{\"@type\":\"PropertyValueSpecification\",\"valueRequired\":true,\"valueName\":\"search_term_string\"}}],\"inLanguage\":\"ca\"}]}<\/script>\n<!-- \/ Yoast SEO plugin. -->","yoast_head_json":{"title":"Declaraci\u00f3 d'accesibilitat - Pulir Parquet Barcelona","robots":{"index":"index","follow":"follow","max-snippet":"max-snippet:-1","max-image-preview":"max-image-preview:large","max-video-preview":"max-video-preview:-1"},"canonical":"https:\/\/pulirparquetbarcelona.com\/ca\/declaracio-daccesibilitat\/","og_locale":"ca_ES","og_type":"article","og_title":"Declaraci\u00f3 d'accesibilitat - Pulir Parquet Barcelona","og_url":"https:\/\/pulirparquetbarcelona.com\/ca\/declaracio-daccesibilitat\/","og_site_name":"Pulir Parquet Barcelona","article_modified_time":"2026-02-17T10:37:31+00:00","twitter_card":"summary_large_image","twitter_misc":{"Temps estimat de lectura":"3 minuts"},"schema":{"@context":"https:\/\/schema.org","@graph":[{"@type":"WebPage","@id":"https:\/\/pulirparquetbarcelona.com\/ca\/declaracio-daccesibilitat\/","url":"https:\/\/pulirparquetbarcelona.com\/ca\/declaracio-daccesibilitat\/","name":"Declaraci\u00f3 d'accesibilitat - Pulir Parquet Barcelona","isPartOf":{"@id":"https:\/\/pulirparquetbarcelona.com\/ca\/#website"},"datePublished":"2026-02-17T10:28:24+00:00","dateModified":"2026-02-17T10:37:31+00:00","breadcrumb":{"@id":"https:\/\/pulirparquetbarcelona.com\/ca\/declaracio-daccesibilitat\/#breadcrumb"},"inLanguage":"ca","potentialAction":[{"@type":"ReadAction","target":["https:\/\/pulirparquetbarcelona.com\/ca\/declaracio-daccesibilitat\/"]}]},{"@type":"BreadcrumbList","@id":"https:\/\/pulirparquetbarcelona.com\/ca\/declaracio-daccesibilitat\/#breadcrumb","itemListElement":[{"@type":"ListItem","position":1,"name":"Portada","item":"https:\/\/pulirparquetbarcelona.com\/ca\/inicio\/"},{"@type":"ListItem","position":2,"name":"Declaraci\u00f3 d&#8217;accesibilitat"}]},{"@type":"WebSite","@id":"https:\/\/pulirparquetbarcelona.com\/ca\/#website","url":"https:\/\/pulirparquetbarcelona.com\/ca\/","name":"Pulir Parquet Barcelona","description":"","potentialAction":[{"@type":"SearchAction","target":{"@type":"EntryPoint","urlTemplate":"https:\/\/pulirparquetbarcelona.com\/ca\/?s={search_term_string}"},"query-input":{"@type":"PropertyValueSpecification","valueRequired":true,"valueName":"search_term_string"}}],"inLanguage":"ca"}]}},"_links":{"self":[{"href":"https:\/\/pulirparquetbarcelona.com\/ca\/wp-json\/wp\/v2\/pages\/223","targetHints":{"allow":["GET"]}}],"collection":[{"href":"https:\/\/pulirparquetbarcelona.com\/ca\/wp-json\/wp\/v2\/pages"}],"about":[{"href":"https:\/\/pulirparquetbarcelona.com\/ca\/wp-json\/wp\/v2\/types\/page"}],"author":[{"embeddable":true,"href":"https:\/\/pulirparquetbarcelona.com\/ca\/wp-json\/wp\/v2\/users\/1"}],"replies":[{"embeddable":true,"href":"https:\/\/pulirparquetbarcelona.com\/ca\/wp-json\/wp\/v2\/comments?post=223"}],"version-history":[{"count":0,"href":"https:\/\/pulirparquetbarcelona.com\/ca\/wp-json\/wp\/v2\/pages\/223\/revisions"}],"wp:attachment":[{"href":"https:\/\/pulirparquetbarcelona.com\/ca\/wp-json\/wp\/v2\/media?parent=223"}],"curies":[{"name":"wp","href":"https:\/\/api.w.org\/{rel}","templated":true}]}}