{"id":221,"date":"2026-02-16T16:04:45","date_gmt":"2026-02-16T15:04:45","guid":{"rendered":"https:\/\/pulirparquetbarcelona.com\/contacto\/"},"modified":"2026-02-17T12:14:39","modified_gmt":"2026-02-17T11:14:39","slug":"contacte","status":"publish","type":"page","link":"https:\/\/pulirparquetbarcelona.com\/ca\/contacte\/","title":{"rendered":"Contacte"},"content":{"rendered":"\n\t<section class=\"section\" id=\"section_2081170235\">\n\t\t<div class=\"section-bg fill\" >\n\t\t\t<img loading=\"lazy\" decoding=\"async\" width=\"1500\" height=\"844\" src=\"https:\/\/pulirparquetbarcelona.com\/wp-content\/uploads\/2026\/02\/contacto-pulir-parquet-barcelona.jpg\" class=\"bg attachment-original size-original\" alt=\"contacto pulir parquet barcelona\" \/>\t\t\t\t\t\t<div class=\"section-bg-overlay absolute fill\"><\/div>\n\t\t\t\n\n\t\t<\/div>\n\n\t\t\n\n\t\t<div class=\"section-content relative\">\n\t\t\t\n<div class=\"row align-center\"  id=\"row-515355080\">\n\n\t<div id=\"col-765537801\" class=\"col small-12 large-12\"  >\n\t\t\t\t<div class=\"col-inner text-center text-shadow-5\"  >\n\t\t\t\n\t\t\t\n\t\t<\/div>\n\t\t\t\t\n<style>\n#col-765537801 > .col-inner {\n  margin: 5vh 0px 0px 0px;\n}\n<\/style>\n\t<\/div>\n\n\t\n<\/div>\n\t\t<\/div>\n\n\t\t\n<style>\n#section_2081170235 {\n  padding-top: 0px;\n  padding-bottom: 0px;\n  min-height: 200px;\n}\n#section_2081170235 .section-bg-overlay {\n  background-color: rgba(0, 0, 0, 0.151);\n}\n#section_2081170235 .section-bg img {\n  object-position: 50% 56%;\n}\n@media (min-width:550px) {\n  #section_2081170235 {\n    min-height: 350px;\n  }\n}\n<\/style>\n\t<\/section>\n\t\n\n\t<section class=\"section\" id=\"section_632756651\">\n\t\t<div class=\"section-bg fill\" >\n\t\t\t\t\t\t\t\t\t\n\t\t\t\n\n\t\t<\/div>\n\n\t\t\n\n\t\t<div class=\"section-content relative\">\n\t\t\t\n<div class=\"row\"  id=\"row-380590588\">\n\n\t<div id=\"col-1540100347\" class=\"col small-12 large-12\"  >\n\t\t\t\t<div class=\"col-inner\"  >\n\t\t\t\n\t\t\t\n\t<div id=\"text-2711551927\" class=\"text\">\n\t\t\n<p>Sol\u00b7licita el teu pressupost gratu\u00eft i sense comprom\u00eds i et respondrem el m\u00e9s aviat possible. Ens desplacem al teu domicili, oficina o local comercial a Barcelona i voltants per valorar l\u2019estat del s\u00f2l i recomanar-te el tractament m\u00e9s adequat.<\/p>\n\t\t\n<style>\n#text-2711551927 {\n  font-size: 1.2rem;\n  text-align: center;\n  color: #5c3612;\n}\n#text-2711551927 > * {\n  color: #5c3612;\n}\n<\/style>\n\t<\/div>\n\t\n\t\t<\/div>\n\t\t\t\t\t<\/div>\n\n\t\n<\/div>\n<div class=\"row row-large\"  id=\"row-955655602\">\n\n\t<div id=\"col-767008739\" class=\"col medium-6 small-12 large-6\"  >\n\t\t\t\t<div class=\"col-inner text-center\"  >\n\t\t\t\n\t\t\t\n\t<div id=\"text-1041300422\" class=\"text hide-for-small\">\n\t\t\n<h1>Contacte<\/h1>\n\t\t\n<style>\n#text-1041300422 {\n  font-size: 1.3rem;\n  text-align: center;\n  color: #5c3612;\n}\n#text-1041300422 > * {\n  color: #5c3612;\n}\n<\/style>\n\t<\/div>\n\t\n<div class=\"row row-collapse\"  id=\"row-797918449\">\n\n\t<div id=\"col-1006472559\" class=\"col small-12 large-12\"  >\n\t\t\t\t<div class=\"col-inner text-center\"  >\n\t\t\t\n\t\t\t\n<a href=\"tel:+34933333285\" class=\"button primary is-link expand\" style=\"padding:0px 0px 0px 0px;\">\n\t<i class=\"icon-phone\" aria-hidden=\"true\"><\/i>\t<span>+34 93 333 32 85<\/span>\n\t<\/a>\n\n\t\t<\/div>\n\t\t\t\t\t<\/div>\n\n\t\n<\/div>\n<p>\ud83d\udccd Servei a tota Barcelona i \u00e0rea metropolitana<br \/> \ud83d\udcde Atenci\u00f3 directa i professional<br \/> \ud83d\udd52 Pressupostos r\u00e0pids<\/p>\n\t<div class=\"img has-hover x md-x lg-x y md-y lg-y\" id=\"image_1905839943\">\n\t\t\t\t\t\t\t\t<div class=\"img-inner dark\" >\n\t\t\t\t\t\t\t\t\t\n\t\t\t\t\t<\/div>\n\t\t\t\t\t\t\t\t\n<style>\n#image_1905839943 {\n  width: 100%;\n}\n<\/style>\n\t<\/div>\n\t\n\t\t<\/div>\n\t\t\t\t\t<\/div>\n\n\t\n\n\t<div id=\"col-1014054938\" class=\"col medium-6 small-12 large-6\"  >\n\t\t\t\t<div class=\"col-inner\"  >\n\t\t\t\n\t\t\t\n\t<div id=\"text-4175333515\" class=\"text\">\n\t\t\n<h2>Sol\u00b7licitud de pressupost<\/h2>\n\t\t\n<style>\n#text-4175333515 {\n  font-size: 1.3rem;\n  text-align: center;\n  color: #5c3612;\n}\n#text-4175333515 > * {\n  color: #5c3612;\n}\n<\/style>\n\t<\/div>\n\t\n\t<div id=\"gap-241633286\" class=\"gap-element clearfix\" style=\"display:block; height:auto;\">\n\t\t\n<style>\n#gap-241633286 {\n  padding-top: 15px;\n}\n<\/style>\n\t<\/div>\n\t\n\n<div class=\"wpcf7 no-js\" id=\"wpcf7-f6-o1\" lang=\"es-ES\" dir=\"ltr\" data-wpcf7-id=\"6\">\n<div class=\"screen-reader-response\"><p role=\"status\" aria-live=\"polite\" aria-atomic=\"true\"><\/p> <ul><\/ul><\/div>\n<form action=\"\/ca\/wp-json\/wp\/v2\/pages\/221#wpcf7-f6-o1\" method=\"post\" class=\"wpcf7-form init\" aria-label=\"Formulario de contacto\" novalidate=\"novalidate\" data-status=\"init\">\n<fieldset class=\"hidden-fields-container\"><input type=\"hidden\" name=\"_wpcf7\" value=\"6\" \/><input type=\"hidden\" name=\"_wpcf7_version\" value=\"6.1.5\" \/><input type=\"hidden\" name=\"_wpcf7_locale\" value=\"es_ES\" \/><input type=\"hidden\" name=\"_wpcf7_unit_tag\" value=\"wpcf7-f6-o1\" \/><input type=\"hidden\" name=\"_wpcf7_container_post\" value=\"0\" \/><input type=\"hidden\" name=\"_wpcf7_posted_data_hash\" value=\"\" \/>\n<\/fieldset>\n<div class=\"form-flat\">\n\t<p><span class=\"wpcf7-form-control-wrap\" data-name=\"nombre\"><input size=\"40\" maxlength=\"400\" class=\"wpcf7-form-control wpcf7-text wpcf7-validates-as-required\" aria-required=\"true\" aria-invalid=\"false\" placeholder=\"Nombre*\" value=\"\" type=\"text\" name=\"nombre\" \/><\/span><br \/>\n<span class=\"wpcf7-form-control-wrap\" data-name=\"email\"><input size=\"40\" maxlength=\"400\" class=\"wpcf7-form-control wpcf7-email wpcf7-validates-as-required wpcf7-text wpcf7-validates-as-email\" aria-required=\"true\" aria-invalid=\"false\" placeholder=\"Email*\" value=\"\" type=\"email\" name=\"email\" \/><\/span><br \/>\n<span class=\"wpcf7-form-control-wrap\" data-name=\"telefono\"><input size=\"40\" maxlength=\"400\" class=\"wpcf7-form-control wpcf7-text wpcf7-validates-as-required\" aria-required=\"true\" aria-invalid=\"false\" placeholder=\"Tel\u00e9fono*\" value=\"\" type=\"text\" name=\"telefono\" \/><\/span>\n\t<\/p>\n\t<p><span class=\"wpcf7-form-control-wrap\" data-name=\"mensaje\"><textarea cols=\"40\" rows=\"10\" maxlength=\"2000\" class=\"wpcf7-form-control wpcf7-textarea\" aria-invalid=\"false\" placeholder=\"Mensaje\" name=\"mensaje\"><\/textarea><\/span>\n\t<\/p>\n\t<div class=\"form-row\">\n\t\t<div class=\"column-full\">\n\t\t\t<p><span class=\"wpcf7-form-control-wrap\" data-name=\"acceptance-986\"><span class=\"wpcf7-form-control wpcf7-acceptance\"><span class=\"wpcf7-list-item\"><label><input type=\"checkbox\" name=\"acceptance-986\" value=\"1\" aria-invalid=\"false\" \/><span class=\"wpcf7-list-item-label\">He le\u00eddo y acepto la <a href=\"https:\/\/pulirparquetbarcelona.com\/politica-de-privacidad\"><u>Pol\u00edtica de privacidad<\/u><\/a><\/span><\/label><\/span><\/span><\/span>\n\t\t\t<\/p>\n\t\t\t<p><input class=\"wpcf7-form-control wpcf7-submit has-spinner\" type=\"submit\" value=\"Enviar\" \/>\n\t\t\t<\/p>\n\t\t<\/div>\n\t<\/div>\n<\/div><div class=\"wpcf7-response-output\" aria-hidden=\"true\"><\/div>\n<\/form>\n<\/div>\n\n\t\t<\/div>\n\t\t\t\t\t<\/div>\n\n\t\n<\/div>\n<p><iframe \n    src=\"https:\/\/www.google.com\/maps\/embed?pb=!1m18!1m12!1m3!1d2993.0108057534962!2d2.1453633765374254!3d41.39557169548685!2m3!1f0!2f0!3f0!3m2!1i1024!2i768!4f13.1!3m3!1m2!1s0x12a4a29c31c92871%3A0xae15e88cf21ae274!2sC.%20de%20Muntaner%2C%20262%2C%20Sarri%C3%A0-Sant%20Gervasi%2C%2008021%20Barcelona!5e0!3m2!1ses!2ses!4v1771255068298!5m2!1ses!2ses\" \n    width=\"100%\" \n    height=\"400\" \n    style=\"border:0;\" \n    allowfullscreen=\"\" \n    loading=\"lazy\" \n    referrerpolicy=\"no-referrer-when-downgrade\"\n    title=\"Mapa de ubicaci\u00f3n de Pulir Parquet Barcelona en C. de Muntaner, 262, Barcelona\"><br \/>\n<\/iframe><\/p>\n\t\t<\/div>\n\n\t\t\n<style>\n#section_632756651 {\n  padding-top: 80px;\n  padding-bottom: 80px;\n  background-color: rgb(250, 248, 245);\n}\n<\/style>\n\t<\/section>\n\t\n","protected":false},"excerpt":{"rendered":"","protected":false},"author":1,"featured_media":0,"parent":0,"menu_order":0,"comment_status":"closed","ping_status":"closed","template":"page-blank.php","meta":{"footnotes":""},"class_list":["post-221","page","type-page","status-publish","hentry"],"yoast_head":"<!-- This site is optimized with the Yoast SEO plugin v27.0 - https:\/\/yoast.com\/product\/yoast-seo-wordpress\/ -->\n<title>Contacta amb Pulir Parquet Barcelona | Pressupost Gratu\u00eft<\/title>\n<meta name=\"description\" content=\"Sol\u00b7licita el teu pressupost gratu\u00eft per polir, acuchillar i barnitzar parquet a Barcelona. El nostre equip professional t\u2019assessorar\u00e0 en tot moment.\" \/>\n<meta name=\"robots\" content=\"index, follow, max-snippet:-1, max-image-preview:large, max-video-preview:-1\" \/>\n<link rel=\"canonical\" href=\"https:\/\/pulirparquetbarcelona.com\/ca\/contacte\/\" \/>\n<meta property=\"og:locale\" content=\"ca_ES\" \/>\n<meta property=\"og:type\" content=\"article\" \/>\n<meta property=\"og:title\" content=\"Contacta amb Pulir Parquet Barcelona | Pressupost Gratu\u00eft\" \/>\n<meta property=\"og:description\" content=\"Sol\u00b7licita el teu pressupost gratu\u00eft per polir, acuchillar i barnitzar parquet a Barcelona. El nostre equip professional t\u2019assessorar\u00e0 en tot moment.\" \/>\n<meta property=\"og:url\" content=\"https:\/\/pulirparquetbarcelona.com\/ca\/contacte\/\" \/>\n<meta property=\"og:site_name\" content=\"Pulir Parquet Barcelona\" \/>\n<meta property=\"article:modified_time\" content=\"2026-02-17T11:14:39+00:00\" \/>\n<meta name=\"twitter:card\" content=\"summary_large_image\" \/>\n<meta name=\"twitter:label1\" content=\"Temps estimat de lectura\" \/>\n\t<meta name=\"twitter:data1\" content=\"1 minut\" \/>\n<script type=\"application\/ld+json\" class=\"yoast-schema-graph\">{\"@context\":\"https:\/\/schema.org\",\"@graph\":[{\"@type\":\"WebPage\",\"@id\":\"https:\/\/pulirparquetbarcelona.com\/ca\/contacte\/\",\"url\":\"https:\/\/pulirparquetbarcelona.com\/ca\/contacte\/\",\"name\":\"Contacta amb Pulir Parquet Barcelona | Pressupost Gratu\u00eft\",\"isPartOf\":{\"@id\":\"https:\/\/pulirparquetbarcelona.com\/ca\/#website\"},\"datePublished\":\"2026-02-16T15:04:45+00:00\",\"dateModified\":\"2026-02-17T11:14:39+00:00\",\"description\":\"Sol\u00b7licita el teu pressupost gratu\u00eft per polir, acuchillar i barnitzar parquet a Barcelona. El nostre equip professional t\u2019assessorar\u00e0 en tot moment.\",\"breadcrumb\":{\"@id\":\"https:\/\/pulirparquetbarcelona.com\/ca\/contacte\/#breadcrumb\"},\"inLanguage\":\"ca\",\"potentialAction\":[{\"@type\":\"ReadAction\",\"target\":[\"https:\/\/pulirparquetbarcelona.com\/ca\/contacte\/\"]}]},{\"@type\":\"BreadcrumbList\",\"@id\":\"https:\/\/pulirparquetbarcelona.com\/ca\/contacte\/#breadcrumb\",\"itemListElement\":[{\"@type\":\"ListItem\",\"position\":1,\"name\":\"Portada\",\"item\":\"https:\/\/pulirparquetbarcelona.com\/ca\/inicio\/\"},{\"@type\":\"ListItem\",\"position\":2,\"name\":\"Contacte\"}]},{\"@type\":\"WebSite\",\"@id\":\"https:\/\/pulirparquetbarcelona.com\/ca\/#website\",\"url\":\"https:\/\/pulirparquetbarcelona.com\/ca\/\",\"name\":\"Pulir Parquet Barcelona\",\"description\":\"\",\"potentialAction\":[{\"@type\":\"SearchAction\",\"target\":{\"@type\":\"EntryPoint\",\"urlTemplate\":\"https:\/\/pulirparquetbarcelona.com\/ca\/?s={search_term_string}\"},\"query-input\":{\"@type\":\"PropertyValueSpecification\",\"valueRequired\":true,\"valueName\":\"search_term_string\"}}],\"inLanguage\":\"ca\"}]}<\/script>\n<!-- \/ Yoast SEO plugin. -->","yoast_head_json":{"title":"Contacta amb Pulir Parquet Barcelona | Pressupost Gratu\u00eft","description":"Sol\u00b7licita el teu pressupost gratu\u00eft per polir, acuchillar i barnitzar parquet a Barcelona. El nostre equip professional t\u2019assessorar\u00e0 en tot moment.","robots":{"index":"index","follow":"follow","max-snippet":"max-snippet:-1","max-image-preview":"max-image-preview:large","max-video-preview":"max-video-preview:-1"},"canonical":"https:\/\/pulirparquetbarcelona.com\/ca\/contacte\/","og_locale":"ca_ES","og_type":"article","og_title":"Contacta amb Pulir Parquet Barcelona | Pressupost Gratu\u00eft","og_description":"Sol\u00b7licita el teu pressupost gratu\u00eft per polir, acuchillar i barnitzar parquet a Barcelona. El nostre equip professional t\u2019assessorar\u00e0 en tot moment.","og_url":"https:\/\/pulirparquetbarcelona.com\/ca\/contacte\/","og_site_name":"Pulir Parquet Barcelona","article_modified_time":"2026-02-17T11:14:39+00:00","twitter_card":"summary_large_image","twitter_misc":{"Temps estimat de lectura":"1 minut"},"schema":{"@context":"https:\/\/schema.org","@graph":[{"@type":"WebPage","@id":"https:\/\/pulirparquetbarcelona.com\/ca\/contacte\/","url":"https:\/\/pulirparquetbarcelona.com\/ca\/contacte\/","name":"Contacta amb Pulir Parquet Barcelona | Pressupost Gratu\u00eft","isPartOf":{"@id":"https:\/\/pulirparquetbarcelona.com\/ca\/#website"},"datePublished":"2026-02-16T15:04:45+00:00","dateModified":"2026-02-17T11:14:39+00:00","description":"Sol\u00b7licita el teu pressupost gratu\u00eft per polir, acuchillar i barnitzar parquet a Barcelona. El nostre equip professional t\u2019assessorar\u00e0 en tot moment.","breadcrumb":{"@id":"https:\/\/pulirparquetbarcelona.com\/ca\/contacte\/#breadcrumb"},"inLanguage":"ca","potentialAction":[{"@type":"ReadAction","target":["https:\/\/pulirparquetbarcelona.com\/ca\/contacte\/"]}]},{"@type":"BreadcrumbList","@id":"https:\/\/pulirparquetbarcelona.com\/ca\/contacte\/#breadcrumb","itemListElement":[{"@type":"ListItem","position":1,"name":"Portada","item":"https:\/\/pulirparquetbarcelona.com\/ca\/inicio\/"},{"@type":"ListItem","position":2,"name":"Contacte"}]},{"@type":"WebSite","@id":"https:\/\/pulirparquetbarcelona.com\/ca\/#website","url":"https:\/\/pulirparquetbarcelona.com\/ca\/","name":"Pulir Parquet Barcelona","description":"","potentialAction":[{"@type":"SearchAction","target":{"@type":"EntryPoint","urlTemplate":"https:\/\/pulirparquetbarcelona.com\/ca\/?s={search_term_string}"},"query-input":{"@type":"PropertyValueSpecification","valueRequired":true,"valueName":"search_term_string"}}],"inLanguage":"ca"}]}},"_links":{"self":[{"href":"https:\/\/pulirparquetbarcelona.com\/ca\/wp-json\/wp\/v2\/pages\/221","targetHints":{"allow":["GET"]}}],"collection":[{"href":"https:\/\/pulirparquetbarcelona.com\/ca\/wp-json\/wp\/v2\/pages"}],"about":[{"href":"https:\/\/pulirparquetbarcelona.com\/ca\/wp-json\/wp\/v2\/types\/page"}],"author":[{"embeddable":true,"href":"https:\/\/pulirparquetbarcelona.com\/ca\/wp-json\/wp\/v2\/users\/1"}],"replies":[{"embeddable":true,"href":"https:\/\/pulirparquetbarcelona.com\/ca\/wp-json\/wp\/v2\/comments?post=221"}],"version-history":[{"count":0,"href":"https:\/\/pulirparquetbarcelona.com\/ca\/wp-json\/wp\/v2\/pages\/221\/revisions"}],"wp:attachment":[{"href":"https:\/\/pulirparquetbarcelona.com\/ca\/wp-json\/wp\/v2\/media?parent=221"}],"curies":[{"name":"wp","href":"https:\/\/api.w.org\/{rel}","templated":true}]}}